{"id":248,"date":"2024-01-17T15:02:30","date_gmt":"2024-01-17T14:02:30","guid":{"rendered":"https:\/\/transeuropa-festival.de\/2024\/transeuropa-2024-copy\/"},"modified":"2025-01-15T20:48:38","modified_gmt":"2025-01-15T19:48:38","slug":"en","status":"publish","type":"page","link":"https:\/\/transeuropa-festival.de\/2024\/en\/","title":{"rendered":"transeuropa 2024"},"content":{"rendered":"\n<p>Dies ist eine Beispiel-Seite. Sie unterscheidet sich von Beitr\u00e4gen, da sie stets an derselben Stelle bleibt und (bei den meisten Themes) in der Website-Navigation angezeigt wird. Die meisten starten mit einem Impressum, der Datenschutzerkl\u00e4rung oder einer \u201e\u00dcber\u00a0uns\u201c-Seite, um sich potenziellen Besuchern der Website vorzustellen. Dort k\u00f6nnte zum Beispiel stehen:<\/p>\n\n\n\n<blockquote class=\"wp-block-quote is-layout-flow wp-block-quote-is-layout-flow\"><p>Hallo! Tags\u00fcber arbeite ich als Fahrradkurier, nachts bin ich ein aufstrebender Schauspieler und dies hier ist meine Website. Ich lebe in Berlin, habe einen gro\u00dfen Hund namens Jack, mag Pi&#241;a Coladas, jedoch weniger (ohne Schirm) im Regen stehen gelassen zu werden.<\/p><\/blockquote>\n\n\n\n<p>&#8230;\u00a0oder so etwas wie:<\/p>\n\n\n\n<blockquote class=\"wp-block-quote is-layout-flow wp-block-quote-is-layout-flow\"><p>Das Unternehmen XYZ wurde 1971 gegr\u00fcndet und versorgt die \u00d6ffentlichkeit seither mit qualitativ hochwertigen Produkten. An seinem Standort in einer kleinen Gro\u00dfstadt besch\u00e4ftigt der Betrieb \u00fcber 2.000 Menschen und unterst\u00fctzt die Stadtbewohner in vielfacher Hinsicht.<\/p><\/blockquote>\n\n\n\n<p>Als neuer WordPress-Benutzer solltest du <a href=\"http:\/\/transeuropa-festival.de\/2024\/wp-admin\/\">dein Dashboard<\/a> aufrufen, um diese Seite zu l\u00f6schen und neue Seiten und Beitr\u00e4ge f\u00fcr deine Website erstellen. Viel Spa\u00df!<\/p>\n","protected":false},"excerpt":{"rendered":"<p>Dies ist eine Beispiel-Seite. Sie unterscheidet sich von Beitr\u00e4gen, da sie stets an derselben Stelle bleibt und (bei den meisten Themes) in der Website-Navigation angezeigt wird. Die meisten starten mit einem Impressum, der Datenschutzerkl\u00e4rung oder einer \u201e\u00dcber\u00a0uns\u201c-Seite, um sich potenziellen Besuchern der Website vorzustellen. Dort k\u00f6nnte zum Beispiel stehen: Hallo! Tags\u00fcber arbeite ich als Fahrradkurier, [&hellip;]<\/p>\n","protected":false},"author":1,"featured_media":0,"parent":0,"menu_order":35,"comment_status":"closed","ping_status":"closed","template":"","meta":[],"class_list":["post-248","page","type-page","status-publish","hentry"],"grid":"{\r\n  \"colCount\": 3,\r\n  \"colGutter\": 2,\r\n  \"rowGutters\": [\r\n    0,\r\n    10,\r\n    5,\r\n    0,\r\n    5,\r\n    10,\r\n    0,\r\n    10,\r\n    10,\r\n    0,\r\n    10,\r\n    0\r\n  ],\r\n  \"frameMargin\": 5,\r\n  \"leftFrameMargin\": 17,\r\n  \"rightFrameMargin\": 17,\r\n  \"topFrameMargin\": 0,\r\n  \"horizontalGrid\": {\r\n    \"show\": false,\r\n    \"space\": 1,\r\n    \"mu\": \"%\"\r\n  },\r\n  \"mus\": {\r\n    \"colGutterMu\": \"%\",\r\n    \"rowGutterMu\": \"%\",\r\n    \"topFrameMu\": \"%\",\r\n    \"bottomFrameMu\": \"%\",\r\n    \"frameMu\": \"%\"\r\n  },\r\n  \"bottomFrameMargin\": 0,\r\n  \"rowAttrs\": [\r\n    {\r\n      \"bgcolor\": \"#ffffff\",\r\n      \"row100vh\": true,\r\n      \"relid\": 7,\r\n      \"html_id\": \"image-header\",\r\n      \"classes\": \"circle-mask\"\r\n    },\r\n    {\r\n      \"row100vh\": true,\r\n      \"rowcustomheight\": \"\",\r\n      \"relid\": 14\r\n    },\r\n    {\r\n      \"relid\": 1\r\n    },\r\n    {\r\n      \"relid\": 34\r\n    },\r\n    {\r\n      \"relid\": 36\r\n    },\r\n    {\r\n      \"relid\": 32\r\n    },\r\n    {\r\n      \"relid\": 11\r\n    },\r\n    {\r\n      \"relid\": 25\r\n    },\r\n    {\r\n      \"relid\": 30\r\n    },\r\n    {\r\n      \"relid\": 6\r\n    },\r\n    {\r\n      \"relid\": 3\r\n    },\r\n    {\r\n      \"bgcolor\": \"#e5e5e5\",\r\n      \"relid\": 18\r\n    },\r\n    {\r\n      \"relid\": 12\r\n    }\r\n  ],\r\n  \"bgColor\": null,\r\n  \"bgImage\": null,\r\n  \"cont\": [\r\n    {\r\n      \"type\": \"stack\",\r\n      \"cont\": [\r\n        {\r\n          \"type\": \"img\",\r\n          \"cont\": \"\/wp-content\/uploads\/2023\/12\/transeuropa-making-space.svg\",\r\n          \"align\": \"top\",\r\n          \"row\": -1,\r\n          \"col\": 0,\r\n          \"colspan\": 3,\r\n          \"offsetx\": 0,\r\n          \"offsety\": 0,\r\n          \"spaceabove\": 0,\r\n          \"spacebelow\": 0,\r\n          \"yvel\": 1,\r\n          \"push\": 0,\r\n          \"relid\": 15,\r\n          \"attid\": 95,\r\n          \"sizes\": {\r\n            \"full\": \"\/wp-content\/uploads\/2023\/12\/transeuropa-making-space.svg\"\r\n          },\r\n          \"w\": 700.11,\r\n          \"h\": 344.22,\r\n          \"ar\": 0.4916655954064362,\r\n          \"alt\": \"\",\r\n          \"absolute_position\": false,\r\n          \"dosync\": false\r\n        },\r\n        {\r\n          \"type\": \"html\",\r\n          \"cont\": \"<input type=\\\"text\\\" id=\\\"title-input\\\" value=\\\"for\\\"><\/input>\",\r\n          \"align\": \"middle\",\r\n          \"row\": -1,\r\n          \"col\": 0,\r\n          \"colspan\": 3,\r\n          \"offsetx\": 0,\r\n          \"offsety\": 0,\r\n          \"spaceabove\": 0,\r\n          \"spacebelow\": 0,\r\n          \"yvel\": 1,\r\n          \"push\": 0,\r\n          \"relid\": 17,\r\n          \"panelPosition\": {\r\n            \"width\": 1296,\r\n            \"height\": 711.9,\r\n            \"left\": \"72px\",\r\n            \"top\": \"39.55000000000001px\",\r\n            \"transform\": \"none\"\r\n          },\r\n          \"panelBodyHeight\": {\r\n            \"height\": \"575.9px\"\r\n          },\r\n          \"absolute_position\": false,\r\n          \"dosync\": false\r\n        },\r\n        {\r\n          \"type\": \"img\",\r\n          \"cont\": \"\/wp-content\/uploads\/2023\/12\/transeuropa-making-space-line.svg\",\r\n          \"align\": \"twothirds\",\r\n          \"row\": -1,\r\n          \"col\": 0,\r\n          \"colspan\": 3,\r\n          \"offsetx\": 0,\r\n          \"offsety\": 0,\r\n          \"spaceabove\": 0,\r\n          \"spacebelow\": 0,\r\n          \"yvel\": 1,\r\n          \"push\": 0,\r\n          \"relid\": 19,\r\n          \"attid\": 96,\r\n          \"sizes\": {\r\n            \"full\": \"\/wp-content\/uploads\/2023\/12\/transeuropa-making-space-line.svg\"\r\n          },\r\n          \"w\": 720,\r\n          \"h\": 28.02,\r\n          \"ar\": 0.03891666666666667,\r\n          \"alt\": \"\",\r\n          \"absolute_position\": false,\r\n          \"dosync\": false\r\n        }\r\n      ],\r\n      \"align\": \"middle\",\r\n      \"row\": 0,\r\n      \"col\": 0,\r\n      \"colspan\": 3,\r\n      \"offsetx\": 0,\r\n      \"offsety\": 0,\r\n      \"spaceabove\": 0,\r\n      \"spacebelow\": 0,\r\n      \"yvel\": 1,\r\n      \"push\": 0,\r\n      \"relid\": 16,\r\n      \"absolute_position\": true,\r\n      \"frameOverflow\": \"\",\r\n      \"classes\": \"title-makingspace\",\r\n      \"zIndex\": 1\r\n    },\r\n    {\r\n      \"type\": \"html\",\r\n      \"cont\": \"<div class=\\\"color-background\\\"><\/div>\",\r\n      \"align\": \"top\",\r\n      \"row\": 1,\r\n      \"col\": 0,\r\n      \"colspan\": 3,\r\n      \"offsetx\": 0,\r\n      \"offsety\": 0,\r\n      \"spaceabove\": 0,\r\n      \"spacebelow\": 0,\r\n      \"yvel\": 1,\r\n      \"push\": 0,\r\n      \"relid\": 21,\r\n      \"panelPosition\": {\r\n        \"width\": 1728,\r\n        \"height\": 819.9,\r\n        \"left\": \"96px\",\r\n        \"top\": \"45.55000000000001px\",\r\n        \"transform\": \"none\"\r\n      },\r\n      \"panelBodyHeight\": {\r\n        \"height\": \"683.9px\"\r\n      },\r\n      \"absolute_position\": true,\r\n      \"frameOverflow\": \"both\",\r\n      \"zIndex\": 0\r\n    },\r\n    {\r\n      \"type\": \"text\",\r\n      \"cont\": \"<h1 class=\\\"_H1\\\">That was it, transeuropa 2024 \u2013 thank you!<\/h1>\",\r\n      \"align\": \"middle\",\r\n      \"row\": 2,\r\n      \"col\": 0,\r\n      \"colspan\": 3,\r\n      \"offsetx\": 0,\r\n      \"offsety\": 0,\r\n      \"spaceabove\": 0,\r\n      \"spacebelow\": 1,\r\n      \"yvel\": 1,\r\n      \"push\": 0,\r\n      \"relid\": 2,\r\n      \"absolute_position\": false,\r\n      \"frameOverflow\": \"\",\r\n      \"zIndex\": 2\r\n    },\r\n    {\r\n      \"type\": \"video\",\r\n      \"cont\": \"https:\/\/i.ytimg.com\/vi\/bMKfihD73h0\/hqdefault.jpg\",\r\n      \"align\": \"middle\",\r\n      \"row\": 3,\r\n      \"col\": 0,\r\n      \"colspan\": 3,\r\n      \"offsetx\": 0,\r\n      \"offsety\": 0,\r\n      \"spaceabove\": 0,\r\n      \"spacebelow\": 0,\r\n      \"yvel\": 1,\r\n      \"push\": 0,\r\n      \"relid\": 35,\r\n      \"iframe\": \"<iframe width=\\\"200\\\" height=\\\"113\\\" src=\\\"\/\/www.youtube.com\/embed\/bMKfihD73h0?enablejsapi=1&wmode=transparent&autohide=1&iv_load_policy=3&modestbranding=1&rel=0&showinfo=0&showsearch=0?&theme=light&color=white\\\" frameborder=\\\"0\\\" allowfullscreen><\/iframe>\",\r\n      \"url\": \"https:\/\/youtu.be\/bMKfihD73h0\",\r\n      \"w\": 200,\r\n      \"h\": 113,\r\n      \"ar\": 0.565,\r\n      \"absolute_position\": false,\r\n      \"frameOverflow\": \"\"\r\n    },\r\n    {\r\n      \"type\": \"text\",\r\n      \"cont\": \"<p class=\\\"_TextSmall\\\" style=\\\"text-align: right;\\\"><span>\u00a9 transeuropa e.V., video: Paul Kindler<\/span><\/p>\",\r\n      \"align\": \"top\",\r\n      \"row\": 4,\r\n      \"col\": 0,\r\n      \"colspan\": 3,\r\n      \"offsetx\": 0,\r\n      \"offsety\": 0,\r\n      \"spaceabove\": 1,\r\n      \"spacebelow\": 0,\r\n      \"yvel\": 1,\r\n      \"push\": 0,\r\n      \"relid\": 37,\r\n      \"absolute_position\": false,\r\n      \"frameOverflow\": \"\"\r\n    },\r\n    {\r\n      \"type\": \"text\",\r\n      \"cont\": \"<p class=\\\"_Default\\\">The <em>transeuropa<\/em> <em>festival<\/em> takes place in Hildesheim (Germany) every three years. The festival is organised by the association <span style=\\\"text-decoration: underline;\\\"><a href=\\\"https:\/\/transeuropa-festival.de\/2024\/en\/association\/\\\" data-id=\\\"252\\\" data-title=\\\"Association\\\" data-type=\\\"page\\\"><em>transeuropa e.V<\/em>.<\/a><\/span> Its eleventh edition ran from 11th \u2013 15th of September 2024.<\/p>\\n<p>There is a new motto for every <em>transeuropa<\/em> <em>festival<\/em>. The motto for <em>transeuropa 2024<\/em> is <em>Making Space<\/em>.<\/p>\",\r\n      \"align\": \"top\",\r\n      \"row\": 5,\r\n      \"col\": 0,\r\n      \"colspan\": 3,\r\n      \"offsetx\": 0,\r\n      \"offsety\": 0,\r\n      \"spaceabove\": 0,\r\n      \"spacebelow\": 0,\r\n      \"yvel\": 1,\r\n      \"push\": 0,\r\n      \"relid\": 4,\r\n      \"absolute_position\": false\r\n    },\r\n    {\r\n      \"type\": \"img\",\r\n      \"cont\": \"\/wp-content\/uploads\/2024\/04\/DSC04828-2-1-e1713266828293.jpg\",\r\n      \"align\": \"middle\",\r\n      \"row\": 6,\r\n      \"col\": 1,\r\n      \"colspan\": 2,\r\n      \"offsetx\": 0,\r\n      \"offsety\": 0,\r\n      \"spaceabove\": 0,\r\n      \"spacebelow\": 0,\r\n      \"yvel\": 1,\r\n      \"push\": 1,\r\n      \"relid\": 24,\r\n      \"attid\": 413,\r\n      \"sizes\": {\r\n        \"full\": \"\/wp-content\/uploads\/2024\/04\/DSC04828-2-1-e1713266828293.jpg\",\r\n        \"_4096\": \"\/wp-content\/uploads\/2024\/04\/DSC04828-2-1-4096x2825.jpg\",\r\n        \"_3840\": \"\/wp-content\/uploads\/2024\/04\/DSC04828-2-1-3840x2648.jpg\",\r\n        \"_3200\": \"\/wp-content\/uploads\/2024\/04\/DSC04828-2-1-3200x2207.jpg\",\r\n        \"_2560\": \"\/wp-content\/uploads\/2024\/04\/DSC04828-2-1-2560x1765.jpg\",\r\n        \"_1920\": \"\/wp-content\/uploads\/2024\/04\/DSC04828-2-1-1920x1324.jpg\",\r\n        \"_1280\": \"\/wp-content\/uploads\/2024\/04\/DSC04828-2-1-1280x883.jpg\",\r\n        \"_1024\": \"\/wp-content\/uploads\/2024\/04\/DSC04828-2-1-1024x706.jpg\",\r\n        \"_768\": \"\/wp-content\/uploads\/2024\/04\/DSC04828-2-1-768x530.jpg\",\r\n        \"_512\": \"\/wp-content\/uploads\/2024\/04\/DSC04828-2-1-512x353.jpg\",\r\n        \"_265\": \"\/wp-content\/uploads\/2024\/04\/DSC04828-2-1-265x183.jpg\"\r\n      },\r\n      \"w\": 3000,\r\n      \"h\": 2069,\r\n      \"ar\": 0.6896666666666667,\r\n      \"alt\": \"Leonie Friedel, Paulinus Burger, Katharina Schadenhofer, Denise Hafermann and Paolo Artisi (from left to right) are standing in front of the \\\"platzhalter\\\".\",\r\n      \"absolute_position\": false\r\n    },\r\n    {\r\n      \"type\": \"text\",\r\n      \"cont\": \"<p class=\\\"_TextSmall\\\" style=\\\"text-align: right;\\\"><span>\u00a9 Omar Zyami<\/span><\/p>\",\r\n      \"align\": \"top\",\r\n      \"row\": 7,\r\n      \"col\": 1,\r\n      \"colspan\": 2,\r\n      \"offsetx\": 0,\r\n      \"offsety\": 0,\r\n      \"spaceabove\": 1,\r\n      \"spacebelow\": 0,\r\n      \"yvel\": 1,\r\n      \"push\": 1,\r\n      \"relid\": 26,\r\n      \"absolute_position\": false\r\n    },\r\n    {\r\n      \"type\": \"text\",\r\n      \"cont\": \"<p>We, the festival <a href=\\\"https:\/\/transeuropa-festival.de\/2024\/en\/people\/\\\" data-id=\\\"253\\\" data-title=\\\"People\\\" data-type=\\\"page\\\"><em><span style=\\\"text-decoration: underline;\\\">head team<\/span><\/em><\/a>, want to make space. For whom? For those of you who are visiting the festival and the <a href=\\\"https:\/\/transeuropa-festival.de\/2024\/en\/spaces\/\\\" data-id=\\\"251\\\" data-title=\\\"Spaces\\\" data-type=\\\"page\\\"><span style=\\\"text-decoration: underline;\\\"><em>platzhalter<\/em><\/span><\/a>, for those of you who want to help shape the festival. We want to come together and learn from each other.<\/p>\\n<p>We invite young artists from all over Europe to take part in the festival. They show their art over five days. This can be a theatre play, dance or another artistic action.<\/p>\\n<p>Who decides which artists are invited? There is a <a href=\\\"https:\/\/transeuropa-festival.de\/2024\/en\/the-jurys\/\\\" data-id=\\\"592\\\" data-title=\\\"The Jurys\\\" data-catid=\\\"[27]\\\" data-type=\\\"page\\\"><span style=\\\"text-decoration: underline;\\\">jury<\/span> <\/a>for this. Anyone living in Hildesheim and the surrounding area can be part of the jury. A jury is a group of people who decide on something together. They are of different ages and have different experiences with art. This allows people, who would otherwise not be involved, to take part in the decision-making process.<\/p>\",\r\n      \"align\": \"top\",\r\n      \"row\": 8,\r\n      \"col\": 0,\r\n      \"colspan\": 3,\r\n      \"offsetx\": 0,\r\n      \"offsety\": 0,\r\n      \"spaceabove\": 0,\r\n      \"spacebelow\": 0,\r\n      \"yvel\": 1,\r\n      \"push\": 0,\r\n      \"relid\": 31,\r\n      \"absolute_position\": false\r\n    },\r\n    {\r\n      \"type\": \"text\",\r\n      \"cont\": \"<h1 class=\\\"_H1\\\">News<\/h1>\",\r\n      \"align\": \"top\",\r\n      \"row\": 9,\r\n      \"col\": 0,\r\n      \"colspan\": 3,\r\n      \"offsetx\": 0,\r\n      \"offsety\": 0,\r\n      \"spaceabove\": 0,\r\n      \"spacebelow\": 1,\r\n      \"yvel\": 1,\r\n      \"push\": 0,\r\n      \"relid\": 8,\r\n      \"absolute_position\": false\r\n    },\r\n    {\r\n      \"type\": \"news\",\r\n      \"cont\": \"\",\r\n      \"align\": \"top\",\r\n      \"row\": 10,\r\n      \"col\": 0,\r\n      \"colspan\": 3,\r\n      \"offsetx\": 0,\r\n      \"offsety\": 0,\r\n      \"spaceabove\": 0,\r\n      \"spacebelow\": 0,\r\n      \"yvel\": 1,\r\n      \"push\": 0,\r\n      \"relid\": 5,\r\n      \"config\": {\r\n        \"layout\": \"columns\",\r\n        \"orderBy\": \"date\",\r\n        \"titleColor\": \"#000000\",\r\n        \"dateColor\": \"#000000\",\r\n        \"lineColor\": \"#000000\",\r\n        \"uniqueId\": 1707312849907,\r\n        \"title_textformat\": \"H3\",\r\n        \"show_title\": true,\r\n        \"date_textformat\": \"Default\",\r\n        \"excerpt_textformat\": \"Default\",\r\n        \"excerpt_spacetop\": 10,\r\n        \"separator_textformat\": \"Default\",\r\n        \"separator_text\": \"\u2014\",\r\n        \"separator_space\": \"0\",\r\n        \"line\": true,\r\n        \"space_below_line\": 20,\r\n        \"space_above_line\": 20,\r\n        \"show_separator\": true,\r\n        \"show_excerpt\": true,\r\n        \"show_date\": true,\r\n        \"date_format\": \"d.m.Y\",\r\n        \"show_read_more\": true,\r\n        \"readmore_textformat\": \"Default\",\r\n        \"readmore_spacetop\": 0,\r\n        \"read_more_text\": \"Read more\u2026\",\r\n        \"read_more_underline\": true,\r\n        \"amount\": \"3\",\r\n        \"image_spaceright\": 10,\r\n        \"imageSpaceBottom\": 10,\r\n        \"show_date_first\": false,\r\n        \"cat_id\": 33,\r\n        \"desktop\": {\r\n          \"image_width\": 180,\r\n          \"colCount\": 3,\r\n          \"colGutter\": 2,\r\n          \"rowGutter\": 2,\r\n          \"colGutterMu\": \"%\",\r\n          \"rowGutterMu\": \"%\"\r\n        },\r\n        \"tablet\": {\r\n          \"image_width\": 150,\r\n          \"colCount\": 3,\r\n          \"colGutter\": 20,\r\n          \"rowGutter\": 20,\r\n          \"colGutterMu\": \"px\",\r\n          \"rowGutterMu\": \"px\"\r\n        },\r\n        \"phone\": {\r\n          \"image_width\": 100,\r\n          \"colCount\": 1,\r\n          \"colGutter\": 20,\r\n          \"rowGutter\": 20,\r\n          \"colGutterMu\": \"px\",\r\n          \"rowGutterMu\": \"px\"\r\n        },\r\n        \"columnsLayoutType\": \"top-aligned\",\r\n        \"showMoreButton\": false,\r\n        \"showMoreButtonStyle\": \"laybutton1\",\r\n        \"moreButtonText\": \"Load More\",\r\n        \"moreButtonAlignment\": \"center\",\r\n        \"moreButtonSpaceTop\": 10\r\n      },\r\n      \"absolute_position\": false\r\n    },\r\n    {\r\n      \"type\": \"shortcode\",\r\n      \"cont\": \"[contact-form-7 id=\\\"1792df6\\\" title=\\\"Frage_EN\\\"]\",\r\n      \"align\": \"middle\",\r\n      \"row\": 11,\r\n      \"col\": 0,\r\n      \"colspan\": 3,\r\n      \"offsetx\": 0,\r\n      \"offsety\": 0,\r\n      \"spaceabove\": 5,\r\n      \"spacebelow\": 5,\r\n      \"yvel\": 1,\r\n      \"push\": 0,\r\n      \"relid\": 20,\r\n      \"shortcodeid\": 1706176974265,\r\n      \"absolute_position\": false,\r\n      \"frameOverflow\": \"\",\r\n      \"zIndex\": 4,\r\n      \"classes\": \"no-animation\"\r\n    },\r\n    {\r\n      \"type\": \"marquee\",\r\n      \"cont\": \"\",\r\n      \"align\": \"top\",\r\n      \"row\": 12,\r\n      \"col\": 0,\r\n      \"colspan\": 3,\r\n      \"offsetx\": 0,\r\n      \"offsety\": 0,\r\n      \"spaceabove\": 0,\r\n      \"spacebelow\": 0,\r\n      \"yvel\": 1,\r\n      \"push\": 0,\r\n      \"relid\": 13,\r\n      \"config\": {\r\n        \"desktop\": {\r\n          \"spacebetween\": 10,\r\n          \"imageheight\": 50,\r\n          \"spacetop\": 10,\r\n          \"spacebottom\": 10\r\n        },\r\n        \"tablet\": {\r\n          \"spacebetween\": 10,\r\n          \"imageheight\": 50,\r\n          \"spacetop\": 0,\r\n          \"spacebottom\": 0\r\n        },\r\n        \"phone\": {\r\n          \"spacebetween\": 10,\r\n          \"imageheight\": 50,\r\n          \"spacetop\": 0,\r\n          \"spacebottom\": 0\r\n        },\r\n        \"speed\": 60,\r\n        \"reversedirection\": false,\r\n        \"startonscreen\": true,\r\n        \"textformat\": \"Default\",\r\n        \"pauseonhover\": false,\r\n        \"startonhover\": false,\r\n        \"alignment\": \"middle\",\r\n        \"elements\": [\r\n          {\r\n            \"cont\": \"<p>\ud83e\udea9 That was <em>transeuropa 2024<\/em> - many thanks to everyone who took part! <span style=\\\"text-indent: 0em; letter-spacing: 0em;\\\">\ud83d\ude4c<\/span><\/p>\",\r\n            \"type\": \"text\"\r\n          },\r\n          {\r\n            \"cont\": \"<p>\ud83d\udef8 making space for\u2026 transeuropa 2027 \ud83d\udd1c\u00a0<\/p>\",\r\n            \"type\": \"text\"\r\n          },\r\n          {\r\n            \"cont\": \"<p>\u2728 <em>transeuropa 2024 \u2014 making space<\/em><span>\u00a0from Sep 11th to Sep 15th <\/span><span>2024 \u2728<\/span><\/p>\",\r\n            \"type\": \"text\"\r\n          }\r\n        ],\r\n        \"separator\": \"\u2014\",\r\n        \"borderTopWidth\": 0,\r\n        \"borderBottomWidth\": 0,\r\n        \"borderColor\": \"\",\r\n        \"backgroundColor\": \"\"\r\n      },\r\n      \"absolute_position\": false,\r\n      \"frameOverflow\": \"both\",\r\n      \"zIndex\": 5,\r\n      \"classes\": \"no-animation fixed-marquee\"\r\n    }\r\n  ]\r\n}","phonegrid":"{\r\n  \"colCount\": 12,\r\n  \"colGutter\": 5,\r\n  \"rowGutters\": [\r\n    \"\",\r\n    \"5\",\r\n    \"0\",\r\n    \"5\",\r\n    \"20\",\r\n    \"\",\r\n    20,\r\n    20,\r\n    \"5\",\r\n    20,\r\n    20,\r\n    \"0\"\r\n  ],\r\n  \"frameMargin\": 5,\r\n  \"topFrameMargin\": \"0\",\r\n  \"rightFrameMargin\": 5,\r\n  \"bottomFrameMargin\": \"0\",\r\n  \"leftFrameMargin\": 5,\r\n  \"mus\": {\r\n    \"colGutterMu\": \"%\",\r\n    \"rowGutterMu\": \"%\",\r\n    \"topFrameMu\": \"%\",\r\n    \"bottomFrameMu\": \"%\",\r\n    \"frameMu\": \"%\"\r\n  },\r\n  \"rowAttrs\": [\r\n    {\r\n      \"relid\": 44\r\n    },\r\n    {\r\n      \"relid\": 22\r\n    },\r\n    {\r\n      \"relid\": 39\r\n    },\r\n    {\r\n      \"relid\": 41\r\n    },\r\n    {\r\n      \"relid\": 23\r\n    },\r\n    {\r\n      \"relid\": 28\r\n    },\r\n    {\r\n      \"relid\": 29\r\n    },\r\n    {\r\n      \"relid\": 33\r\n    },\r\n    {\r\n      \"relid\": 9\r\n    },\r\n    {\r\n      \"relid\": 10\r\n    },\r\n    {\r\n      \"relid\": 40\r\n    },\r\n    {\r\n      \"relid\": 43,\r\n      \"bgcolor\": \"#e5e5e5\"\r\n    },\r\n    {\r\n      \"relid\": 27\r\n    }\r\n  ],\r\n  \"bgColor\": null,\r\n  \"bgImage\": null,\r\n  \"cont\": [\r\n    {\r\n      \"type\": \"html\",\r\n      \"cont\": \"<div class=\\\"color-background\\\"><\/div>\",\r\n      \"align\": \"middle\",\r\n      \"row\": 0,\r\n      \"col\": 0,\r\n      \"colspan\": 12,\r\n      \"offsetx\": 0,\r\n      \"offsety\": 0,\r\n      \"spaceabove\": 0,\r\n      \"spacebelow\": 0,\r\n      \"yvel\": 1,\r\n      \"push\": 0,\r\n      \"relid\": 21,\r\n      \"panelPosition\": {\r\n        \"width\": 1728,\r\n        \"height\": 819.9,\r\n        \"left\": \"96px\",\r\n        \"top\": \"45.55000000000001px\",\r\n        \"transform\": \"none\"\r\n      },\r\n      \"panelBodyHeight\": {\r\n        \"height\": \"683.9px\"\r\n      },\r\n      \"absolute_position\": false,\r\n      \"frameOverflow\": \"both\",\r\n      \"zIndex\": 0\r\n    },\r\n    {\r\n      \"type\": \"text\",\r\n      \"cont\": \"<h1 class=\\\"_H1\\\">That was it, transeuropa 2024 \u2013 thank you!<\/h1>\",\r\n      \"align\": \"bottom\",\r\n      \"row\": 1,\r\n      \"col\": 0,\r\n      \"colspan\": 12,\r\n      \"offsetx\": 0,\r\n      \"offsety\": 0,\r\n      \"spaceabove\": \"20\",\r\n      \"spacebelow\": 0,\r\n      \"yvel\": 1,\r\n      \"push\": 0,\r\n      \"relid\": 2,\r\n      \"absolute_position\": false,\r\n      \"zIndex\": 2,\r\n      \"frameOverflow\": \"\",\r\n      \"classes\": \"columns-2\"\r\n    },\r\n    {\r\n      \"type\": \"video\",\r\n      \"cont\": \"https:\/\/i.ytimg.com\/vi\/bMKfihD73h0\/hqdefault.jpg\",\r\n      \"align\": \"top\",\r\n      \"row\": 2,\r\n      \"col\": 0,\r\n      \"colspan\": 12,\r\n      \"offsetx\": 0,\r\n      \"offsety\": 0,\r\n      \"spaceabove\": 0,\r\n      \"spacebelow\": 0,\r\n      \"yvel\": 1,\r\n      \"push\": 0,\r\n      \"relid\": 35,\r\n      \"iframe\": \"<iframe width=\\\"200\\\" height=\\\"113\\\" src=\\\"\/\/www.youtube.com\/embed\/bMKfihD73h0?enablejsapi=1&wmode=transparent&autohide=1&iv_load_policy=3&modestbranding=1&rel=0&showinfo=0&showsearch=0?&theme=light&color=white\\\" frameborder=\\\"0\\\" allowfullscreen><\/iframe>\",\r\n      \"url\": \"https:\/\/youtu.be\/bMKfihD73h0\",\r\n      \"w\": 200,\r\n      \"h\": 113,\r\n      \"ar\": 0.565,\r\n      \"absolute_position\": false,\r\n      \"frameOverflow\": \"\"\r\n    },\r\n    {\r\n      \"type\": \"text\",\r\n      \"cont\": \"<p class=\\\"_TextSmall\\\" style=\\\"text-align: right;\\\"><span>\u00a9 transeuropa e.V., video: Paul Kindler<\/span><\/p>\",\r\n      \"align\": \"middle\",\r\n      \"row\": 3,\r\n      \"col\": 0,\r\n      \"colspan\": 12,\r\n      \"offsetx\": 0,\r\n      \"offsety\": 0,\r\n      \"spaceabove\": \"2\",\r\n      \"spacebelow\": 0,\r\n      \"yvel\": 1,\r\n      \"push\": 0,\r\n      \"relid\": 37,\r\n      \"absolute_position\": false,\r\n      \"frameOverflow\": \"\",\r\n      \"spaceaboveMu\": \"%\"\r\n    },\r\n    {\r\n      \"type\": \"text\",\r\n      \"cont\": \"<p class=\\\"_Default\\\">The <em>transeuropa<\/em> <em>festival<\/em> takes place in Hildesheim (Germany) every three years. The festival is organised by the association <span style=\\\"text-decoration: underline;\\\"><a href=\\\"https:\/\/transeuropa-festival.de\/2024\/en\/association\/\\\" data-id=\\\"252\\\" data-title=\\\"Association\\\" data-type=\\\"page\\\"><em>transeuropa e.V<\/em>.<\/a><\/span> Its eleventh edition ran from 11th \u2013 15th of September 2024.<\/p>\\n<p>There is a new motto for every <em>transeuropa<\/em> <em>festival<\/em>. The motto for <em>transeuropa 2024<\/em> is <em>Making Space<\/em>.<\/p>\",\r\n      \"align\": \"middle\",\r\n      \"row\": 4,\r\n      \"col\": 0,\r\n      \"colspan\": 12,\r\n      \"offsetx\": 0,\r\n      \"offsety\": 0,\r\n      \"spaceabove\": 0,\r\n      \"spacebelow\": 0,\r\n      \"yvel\": 1,\r\n      \"push\": 0,\r\n      \"relid\": 4,\r\n      \"absolute_position\": false,\r\n      \"frameOverflow\": \"\",\r\n      \"classes\": \"columns-3\"\r\n    },\r\n    {\r\n      \"type\": \"img\",\r\n      \"cont\": \"\/wp-content\/uploads\/2024\/04\/DSC04828-2-1-e1713266828293.jpg\",\r\n      \"align\": \"middle\",\r\n      \"row\": 5,\r\n      \"col\": 0,\r\n      \"colspan\": 12,\r\n      \"offsetx\": 0,\r\n      \"offsety\": 0,\r\n      \"spaceabove\": 0,\r\n      \"spacebelow\": 0,\r\n      \"yvel\": 1,\r\n      \"push\": 0,\r\n      \"relid\": 24,\r\n      \"attid\": 413,\r\n      \"sizes\": {\r\n        \"full\": \"\/wp-content\/uploads\/2024\/04\/DSC04828-2-1-e1713266828293.jpg\",\r\n        \"_4096\": \"\/wp-content\/uploads\/2024\/04\/DSC04828-2-1-4096x2825.jpg\",\r\n        \"_3840\": \"\/wp-content\/uploads\/2024\/04\/DSC04828-2-1-3840x2648.jpg\",\r\n        \"_3200\": \"\/wp-content\/uploads\/2024\/04\/DSC04828-2-1-3200x2207.jpg\",\r\n        \"_2560\": \"\/wp-content\/uploads\/2024\/04\/DSC04828-2-1-2560x1765.jpg\",\r\n        \"_1920\": \"\/wp-content\/uploads\/2024\/04\/DSC04828-2-1-1920x1324.jpg\",\r\n        \"_1280\": \"\/wp-content\/uploads\/2024\/04\/DSC04828-2-1-1280x883.jpg\",\r\n        \"_1024\": \"\/wp-content\/uploads\/2024\/04\/DSC04828-2-1-1024x706.jpg\",\r\n        \"_768\": \"\/wp-content\/uploads\/2024\/04\/DSC04828-2-1-768x530.jpg\",\r\n        \"_512\": \"\/wp-content\/uploads\/2024\/04\/DSC04828-2-1-512x353.jpg\",\r\n        \"_265\": \"\/wp-content\/uploads\/2024\/04\/DSC04828-2-1-265x183.jpg\"\r\n      },\r\n      \"w\": 3000,\r\n      \"h\": 2069,\r\n      \"ar\": 0.6896666666666667,\r\n      \"alt\": \"Leonie Friedel, Paulinus Burger, Katharina Schadenhofer, Denise Hafermann and Paolo Artisi (from left to right) are standing in front of the \\\"platzhalter\\\".\",\r\n      \"absolute_position\": false,\r\n      \"frameOverflow\": \"\"\r\n    },\r\n    {\r\n      \"type\": \"text\",\r\n      \"cont\": \"<p class=\\\"_TextSmall\\\" style=\\\"text-align: right;\\\"><span>\u00a9 Omar Zyami<\/span><\/p>\",\r\n      \"align\": \"middle\",\r\n      \"row\": 6,\r\n      \"col\": 0,\r\n      \"colspan\": 12,\r\n      \"offsetx\": 0,\r\n      \"offsety\": 0,\r\n      \"spaceabove\": \"1\",\r\n      \"spacebelow\": 0,\r\n      \"yvel\": 1,\r\n      \"push\": 0,\r\n      \"relid\": 26,\r\n      \"absolute_position\": false,\r\n      \"frameOverflow\": \"\"\r\n    },\r\n    {\r\n      \"type\": \"text\",\r\n      \"cont\": \"<p>We, the festival <a href=\\\"https:\/\/transeuropa-festival.de\/2024\/en\/people\/\\\" data-id=\\\"253\\\" data-title=\\\"People\\\" data-type=\\\"page\\\"><em><span style=\\\"text-decoration: underline;\\\">head team<\/span><\/em><\/a>, want to make space. For whom? For those of you who are visiting the festival and the <a href=\\\"https:\/\/transeuropa-festival.de\/2024\/en\/spaces\/\\\" data-id=\\\"251\\\" data-title=\\\"Spaces\\\" data-type=\\\"page\\\"><span style=\\\"text-decoration: underline;\\\"><em>platzhalter<\/em><\/span><\/a>, for those of you who want to help shape the festival. We want to come together and learn from each other.<\/p>\\n<p>We invite young artists from all over Europe to take part in the festival. They show their art over five days. This can be a theatre play, dance or another artistic action.<\/p>\\n<p>Who decides which artists are invited? There is a <a href=\\\"https:\/\/transeuropa-festival.de\/2024\/en\/the-jurys\/\\\" data-id=\\\"592\\\" data-title=\\\"The Jurys\\\" data-catid=\\\"[27]\\\" data-type=\\\"page\\\"><span style=\\\"text-decoration: underline;\\\">jury<\/span> <\/a>for this. Anyone living in Hildesheim and the surrounding area can be part of the jury. A jury is a group of people who decide on something together. They are of different ages and have different experiences with art. This allows people, who would otherwise not be involved, to take part in the decision-making process.<\/p>\",\r\n      \"align\": \"middle\",\r\n      \"row\": 7,\r\n      \"col\": 0,\r\n      \"colspan\": 12,\r\n      \"offsetx\": 0,\r\n      \"offsety\": 0,\r\n      \"spaceabove\": 0,\r\n      \"spacebelow\": 0,\r\n      \"yvel\": 1,\r\n      \"push\": 0,\r\n      \"relid\": 31,\r\n      \"absolute_position\": false,\r\n      \"frameOverflow\": \"\"\r\n    },\r\n    {\r\n      \"type\": \"text\",\r\n      \"cont\": \"<h1 class=\\\"_H1\\\">News<\/h1>\",\r\n      \"align\": \"middle\",\r\n      \"row\": 8,\r\n      \"col\": 0,\r\n      \"colspan\": 12,\r\n      \"offsetx\": 0,\r\n      \"offsety\": 0,\r\n      \"spaceabove\": 0,\r\n      \"spacebelow\": 0,\r\n      \"yvel\": 1,\r\n      \"push\": 0,\r\n      \"relid\": 8,\r\n      \"absolute_position\": false,\r\n      \"frameOverflow\": \"\"\r\n    },\r\n    {\r\n      \"type\": \"news\",\r\n      \"cont\": \"\",\r\n      \"align\": \"middle\",\r\n      \"row\": 9,\r\n      \"col\": 0,\r\n      \"colspan\": 12,\r\n      \"offsetx\": 0,\r\n      \"offsety\": 0,\r\n      \"spaceabove\": 0,\r\n      \"spacebelow\": 0,\r\n      \"yvel\": 1,\r\n      \"push\": 0,\r\n      \"relid\": 5,\r\n      \"config\": {\r\n        \"layout\": \"columns\",\r\n        \"orderBy\": \"date\",\r\n        \"titleColor\": \"#000000\",\r\n        \"dateColor\": \"#000000\",\r\n        \"lineColor\": \"#000000\",\r\n        \"uniqueId\": 1707312849907,\r\n        \"title_textformat\": \"H3\",\r\n        \"show_title\": true,\r\n        \"date_textformat\": \"Default\",\r\n        \"excerpt_textformat\": \"Default\",\r\n        \"excerpt_spacetop\": 10,\r\n        \"separator_textformat\": \"Default\",\r\n        \"separator_text\": \"\u2014\",\r\n        \"separator_space\": \"0\",\r\n        \"line\": true,\r\n        \"space_below_line\": 20,\r\n        \"space_above_line\": 20,\r\n        \"show_separator\": true,\r\n        \"show_excerpt\": true,\r\n        \"show_date\": true,\r\n        \"date_format\": \"d.m.Y\",\r\n        \"show_read_more\": true,\r\n        \"readmore_textformat\": \"Default\",\r\n        \"readmore_spacetop\": 0,\r\n        \"read_more_text\": \"Read more\u2026\",\r\n        \"read_more_underline\": true,\r\n        \"amount\": \"3\",\r\n        \"image_spaceright\": 10,\r\n        \"imageSpaceBottom\": 10,\r\n        \"show_date_first\": false,\r\n        \"cat_id\": 33,\r\n        \"desktop\": {\r\n          \"image_width\": 180,\r\n          \"colCount\": 3,\r\n          \"colGutter\": 2,\r\n          \"rowGutter\": 2,\r\n          \"colGutterMu\": \"%\",\r\n          \"rowGutterMu\": \"%\"\r\n        },\r\n        \"tablet\": {\r\n          \"image_width\": 150,\r\n          \"colCount\": 3,\r\n          \"colGutter\": 20,\r\n          \"rowGutter\": 20,\r\n          \"colGutterMu\": \"px\",\r\n          \"rowGutterMu\": \"px\"\r\n        },\r\n        \"phone\": {\r\n          \"image_width\": 100,\r\n          \"colCount\": 1,\r\n          \"colGutter\": 20,\r\n          \"rowGutter\": 20,\r\n          \"colGutterMu\": \"px\",\r\n          \"rowGutterMu\": \"px\"\r\n        },\r\n        \"columnsLayoutType\": \"top-aligned\",\r\n        \"showMoreButton\": false,\r\n        \"showMoreButtonStyle\": \"laybutton1\",\r\n        \"moreButtonText\": \"Load More\",\r\n        \"moreButtonAlignment\": \"center\",\r\n        \"moreButtonSpaceTop\": 10\r\n      },\r\n      \"absolute_position\": false,\r\n      \"frameOverflow\": \"\"\r\n    },\r\n    {\r\n      \"type\": \"text\",\r\n      \"cont\": \"<h1 class=\\\"_Handschrift\\\">Making<br \/>Space!<\/h1>\",\r\n      \"align\": \"middle\",\r\n      \"row\": 10,\r\n      \"col\": 0,\r\n      \"colspan\": 12,\r\n      \"offsetx\": 0,\r\n      \"offsety\": 0,\r\n      \"spaceabove\": 0,\r\n      \"spacebelow\": 0,\r\n      \"yvel\": 1,\r\n      \"push\": 0,\r\n      \"relid\": 38,\r\n      \"absolute_position\": false,\r\n      \"frameOverflow\": \"\",\r\n      \"dosync\": false\r\n    },\r\n    {\r\n      \"type\": \"shortcode\",\r\n      \"cont\": \"[contact-form-7 id=\\\"1792df6\\\" title=\\\"Frage_EN\\\"]\",\r\n      \"align\": \"middle\",\r\n      \"row\": 11,\r\n      \"col\": 0,\r\n      \"colspan\": 12,\r\n      \"offsetx\": 0,\r\n      \"offsety\": 0,\r\n      \"spaceabove\": \"5\",\r\n      \"spacebelow\": \"5\",\r\n      \"yvel\": 1,\r\n      \"push\": 0,\r\n      \"relid\": 20,\r\n      \"shortcodeid\": 1706176974265,\r\n      \"absolute_position\": false,\r\n      \"frameOverflow\": \"\",\r\n      \"zIndex\": 4,\r\n      \"classes\": \"no-animation\"\r\n    },\r\n    {\r\n      \"type\": \"marquee\",\r\n      \"cont\": \"\",\r\n      \"align\": \"bottom\",\r\n      \"row\": 12,\r\n      \"col\": 0,\r\n      \"colspan\": 12,\r\n      \"offsetx\": 0,\r\n      \"offsety\": 0,\r\n      \"spaceabove\": \"0\",\r\n      \"spacebelow\": \"0\",\r\n      \"yvel\": 1,\r\n      \"push\": 0,\r\n      \"relid\": 13,\r\n      \"config\": {\r\n        \"desktop\": {\r\n          \"spacebetween\": 10,\r\n          \"imageheight\": 50,\r\n          \"spacetop\": 10,\r\n          \"spacebottom\": 10\r\n        },\r\n        \"tablet\": {\r\n          \"spacebetween\": 10,\r\n          \"imageheight\": 50,\r\n          \"spacetop\": 0,\r\n          \"spacebottom\": 0\r\n        },\r\n        \"phone\": {\r\n          \"spacebetween\": 10,\r\n          \"imageheight\": 50,\r\n          \"spacetop\": 0,\r\n          \"spacebottom\": 0\r\n        },\r\n        \"speed\": 60,\r\n        \"reversedirection\": false,\r\n        \"startonscreen\": true,\r\n        \"textformat\": \"Default\",\r\n        \"pauseonhover\": false,\r\n        \"startonhover\": false,\r\n        \"alignment\": \"middle\",\r\n        \"elements\": [\r\n          {\r\n            \"cont\": \"<p>\ud83e\udea9 That was <em>transeuropa 2024<\/em> - many thanks to everyone who took part! <span style=\\\"text-indent: 0em; letter-spacing: 0em;\\\">\ud83d\ude4c<\/span><\/p>\",\r\n            \"type\": \"text\"\r\n          },\r\n          {\r\n            \"cont\": \"<p>\ud83d\udef8 making space for\u2026 transeuropa 2027 \ud83d\udd1c\u00a0<\/p>\",\r\n            \"type\": \"text\"\r\n          },\r\n          {\r\n            \"cont\": \"<p>\u2728 <em>transeuropa 2024 \u2014 making space<\/em><span>\u00a0from Sep 11th to Sep 15th <\/span><span>2024 \u2728<\/span><\/p>\",\r\n            \"type\": \"text\"\r\n          }\r\n        ],\r\n        \"separator\": \"\u2014\",\r\n        \"borderTopWidth\": 0,\r\n        \"borderBottomWidth\": 0,\r\n        \"borderColor\": \"\",\r\n        \"backgroundColor\": \"\"\r\n      },\r\n      \"absolute_position\": false,\r\n      \"zIndex\": 5,\r\n      \"frameOverflow\": \"both\",\r\n      \"classes\": \"no-animation fixed-marquee\"\r\n    }\r\n  ]\r\n}","_links":{"self":[{"href":"https:\/\/transeuropa-festival.de\/2024\/wp-json\/wp\/v2\/pages\/248","targetHints":{"allow":["GET"]}}],"collection":[{"href":"https:\/\/transeuropa-festival.de\/2024\/wp-json\/wp\/v2\/pages"}],"about":[{"href":"https:\/\/transeuropa-festival.de\/2024\/wp-json\/wp\/v2\/types\/page"}],"author":[{"embeddable":true,"href":"https:\/\/transeuropa-festival.de\/2024\/wp-json\/wp\/v2\/users\/1"}],"replies":[{"embeddable":true,"href":"https:\/\/transeuropa-festival.de\/2024\/wp-json\/wp\/v2\/comments?post=248"}],"version-history":[{"count":0,"href":"https:\/\/transeuropa-festival.de\/2024\/wp-json\/wp\/v2\/pages\/248\/revisions"}],"wp:attachment":[{"href":"https:\/\/transeuropa-festival.de\/2024\/wp-json\/wp\/v2\/media?parent=248"}],"curies":[{"name":"wp","href":"https:\/\/api.w.org\/{rel}","templated":true}]}}