{"id":221,"date":"2024-01-11T10:40:17","date_gmt":"2024-01-11T09:40:17","guid":{"rendered":"https:\/\/transeuropa-festival.de\/2024\/verein-copy\/"},"modified":"2024-09-03T14:27:47","modified_gmt":"2024-09-03T12:27:47","slug":"archiv","status":"publish","type":"page","link":"https:\/\/transeuropa-festival.de\/2024\/archiv\/","title":{"rendered":"Archiv"},"content":{"rendered":"","protected":false},"excerpt":{"rendered":"","protected":false},"author":1,"featured_media":0,"parent":0,"menu_order":33,"comment_status":"closed","ping_status":"closed","template":"","meta":[],"class_list":["post-221","page","type-page","status-publish","hentry"],"grid":"{\r\n  \"colCount\": 3,\r\n  \"colGutter\": 2,\r\n  \"rowGutters\": [\r\n    0,\r\n    0,\r\n    0,\r\n    0,\r\n    0,\r\n    0,\r\n    0,\r\n    0,\r\n    0,\r\n    0,\r\n    0,\r\n    0,\r\n    0,\r\n    0,\r\n    0,\r\n    0,\r\n    0,\r\n    0,\r\n    0,\r\n    0,\r\n    0,\r\n    0,\r\n    0,\r\n    0,\r\n    0,\r\n    0,\r\n    0,\r\n    0,\r\n    0,\r\n    0\r\n  ],\r\n  \"frameMargin\": 5,\r\n  \"leftFrameMargin\": 17,\r\n  \"rightFrameMargin\": 17,\r\n  \"topFrameMargin\": 10,\r\n  \"mus\": {\r\n    \"colGutterMu\": \"%\",\r\n    \"rowGutterMu\": \"%\",\r\n    \"topFrameMu\": \"%\",\r\n    \"bottomFrameMu\": \"%\",\r\n    \"frameMu\": \"%\"\r\n  },\r\n  \"bottomFrameMargin\": 5,\r\n  \"rowAttrs\": [\r\n    {\r\n      \"relid\": 3\r\n    },\r\n    {\r\n      \"relid\": 8\r\n    },\r\n    {\r\n      \"relid\": 4\r\n    },\r\n    {\r\n      \"collapse\": true,\r\n      \"relid\": 11\r\n    },\r\n    {\r\n      \"relid\": 21\r\n    },\r\n    {\r\n      \"relid\": 23\r\n    },\r\n    {\r\n      \"collapse\": true,\r\n      \"relid\": 13\r\n    },\r\n    {\r\n      \"relid\": 25\r\n    },\r\n    {\r\n      \"relid\": 27\r\n    },\r\n    {\r\n      \"collapse\": true,\r\n      \"relid\": 15\r\n    },\r\n    {\r\n      \"relid\": 29\r\n    },\r\n    {\r\n      \"relid\": 31\r\n    },\r\n    {\r\n      \"collapse\": true,\r\n      \"relid\": 17\r\n    },\r\n    {\r\n      \"relid\": 33\r\n    },\r\n    {\r\n      \"relid\": 35\r\n    },\r\n    {\r\n      \"collapse\": true,\r\n      \"relid\": 19\r\n    },\r\n    {\r\n      \"relid\": 38\r\n    },\r\n    {\r\n      \"relid\": 37\r\n    },\r\n    {\r\n      \"collapse\": true,\r\n      \"relid\": 41\r\n    },\r\n    {\r\n      \"relid\": 45\r\n    },\r\n    {\r\n      \"relid\": 44\r\n    },\r\n    {\r\n      \"collapse\": true,\r\n      \"relid\": 43\r\n    },\r\n    {\r\n      \"relid\": 51\r\n    },\r\n    {\r\n      \"relid\": 50\r\n    },\r\n    {\r\n      \"collapse\": true,\r\n      \"relid\": 49\r\n    },\r\n    {\r\n      \"relid\": 55\r\n    },\r\n    {\r\n      \"relid\": 57\r\n    },\r\n    {\r\n      \"collapse\": true,\r\n      \"relid\": 56\r\n    },\r\n    {\r\n      \"relid\": 63\r\n    },\r\n    {\r\n      \"relid\": 62\r\n    },\r\n    {\r\n      \"collapse\": true,\r\n      \"relid\": 61\r\n    }\r\n  ],\r\n  \"bgColor\": null,\r\n  \"bgImage\": null,\r\n  \"cont\": [\r\n    {\r\n      \"type\": \"text\",\r\n      \"cont\": \"<h1 class=\\\"_H1\\\">Archiv<\/h1>\",\r\n      \"align\": \"middle\",\r\n      \"row\": 0,\r\n      \"col\": 0,\r\n      \"colspan\": 3,\r\n      \"offsetx\": 0,\r\n      \"offsety\": 0,\r\n      \"spaceabove\": 0,\r\n      \"spacebelow\": 1,\r\n      \"yvel\": 1,\r\n      \"push\": 0,\r\n      \"relid\": 5,\r\n      \"absolute_position\": false,\r\n      \"frameOverflow\": \"\"\r\n    },\r\n    {\r\n      \"type\": \"hr\",\r\n      \"cont\": \"\",\r\n      \"align\": \"middle\",\r\n      \"row\": 1,\r\n      \"col\": 0,\r\n      \"colspan\": 3,\r\n      \"offsetx\": 0,\r\n      \"offsety\": 0,\r\n      \"spaceabove\": 1,\r\n      \"spacebelow\": 1,\r\n      \"yvel\": 1,\r\n      \"push\": 0,\r\n      \"relid\": 10,\r\n      \"absolute_position\": false,\r\n      \"frameOverflow\": \"\"\r\n    },\r\n    {\r\n      \"type\": \"text\",\r\n      \"cont\": \"<h2 class=\\\"_H2\\\"><a href=\\\"#expandrow\\\" data-id=\\\"0\\\" data-expand=\\\"11\\\" data-animation=\\\"400\\\" data-animationtiming=\\\"cubic-bezier(0.17,0.84,0.44,1)\\\" data-collapseotherrows=\\\"false\\\" data-scrolltoexpandedrow=\\\"false\\\">2021 \u00a0<\/a><\/h2><p><img class=\\\"img-in-text\\\" src=\\\"https:\/\/transeuropa-festival.de\/2024\/wp-content\/uploads\/2024\/01\/te-logo-2021-schwarz.png\\\" alt=\\\"\\\" \/><\/p>\",\r\n      \"align\": \"top\",\r\n      \"row\": 2,\r\n      \"col\": 0,\r\n      \"colspan\": 2,\r\n      \"offsetx\": 0,\r\n      \"offsety\": 0,\r\n      \"spaceabove\": 0,\r\n      \"spacebelow\": 0,\r\n      \"yvel\": 1,\r\n      \"push\": 0,\r\n      \"relid\": 6,\r\n      \"absolute_position\": false,\r\n      \"frameOverflow\": \"\",\r\n      \"classes\": \"text-img-wrap\",\r\n      \"dosync\": false\r\n    },\r\n    {\r\n      \"type\": \"text\",\r\n      \"cont\": \"<h3 class=\\\"_Default\\\"><span style=\\\"font-family: ClashDisplay-Variable;\\\"><strong>2021<\/strong> <\/span>fand das transeuropa festival zum zehnten Mal statt. Das transeuropa [X] hatte das Motto ENTER THE COLLEC\u00adTIVE VISION \u2013\u00ad GEMEIN\u00ad\u00adSCHAFT UNTER NEUEN VORZEICHEN. W\u00e4hrenddessen gab es strenge Regeln wegen der COVID-19 Pandemie. Die K\u00fcnstler*innen, die dort eingeladen waren, haben \u00fcberlegt, wie sich eine Gemeinschaft anf\u00fchlen kann.<\/h3><p><a class=\\\"laybutton1 laybutton\\\" rel=\\\"noopener\\\" href=\\\"https:\/\/transeuropa-festival.de\/2021\\\" target=\\\"_blank\\\" data-id=\\\"0\\\" data-hoverimageid=\\\"214\\\" data-hoverimagesmallsrc=\\\"\/wp-content\/uploads\/2024\/01\/Screenshot-2024-01-07-165506-265x127.png\\\" data-hoverimagetype=\\\"image\\\">Zur Website<\/a><\/p>\",\r\n      \"align\": \"middle\",\r\n      \"row\": 3,\r\n      \"col\": 0,\r\n      \"colspan\": 3,\r\n      \"offsetx\": 0,\r\n      \"offsety\": 0,\r\n      \"spaceabove\": 1,\r\n      \"spacebelow\": 0,\r\n      \"yvel\": 1,\r\n      \"push\": 0,\r\n      \"relid\": 12,\r\n      \"absolute_position\": false,\r\n      \"frameOverflow\": \"\"\r\n    },\r\n    {\r\n      \"type\": \"hr\",\r\n      \"cont\": \"\",\r\n      \"align\": \"middle\",\r\n      \"row\": 4,\r\n      \"col\": 0,\r\n      \"colspan\": 3,\r\n      \"offsetx\": 0,\r\n      \"offsety\": 0,\r\n      \"spaceabove\": 1,\r\n      \"spacebelow\": 1,\r\n      \"yvel\": 1,\r\n      \"push\": 0,\r\n      \"relid\": 22,\r\n      \"absolute_position\": false,\r\n      \"frameOverflow\": \"\"\r\n    },\r\n    {\r\n      \"type\": \"text\",\r\n      \"cont\": \"<h2 class=\\\"_H2\\\" style=\\\"text-align: left;\\\"><a href=\\\"#expandrow\\\" data-expand=\\\"13\\\" data-animation=\\\"400\\\" data-animationtiming=\\\"cubic-bezier(0.17,0.84,0.44,1)\\\" data-collapseotherrows=\\\"false\\\" data-scrolltoexpandedrow=\\\"false\\\">2018<\/a> \u00a0<\/h2><p><img class=\\\"img-in-text\\\" src=\\\"https:\/\/transeuropa-festival.de\/2024\/wp-content\/uploads\/2024\/01\/te-logo-2018.gif\\\" alt=\\\"\\\" \/><\/p>\",\r\n      \"align\": \"top\",\r\n      \"row\": 5,\r\n      \"col\": 0,\r\n      \"colspan\": 3,\r\n      \"offsetx\": 0,\r\n      \"offsety\": 0,\r\n      \"spaceabove\": 0,\r\n      \"spacebelow\": 0,\r\n      \"yvel\": 1,\r\n      \"push\": 0,\r\n      \"relid\": 24,\r\n      \"absolute_position\": false,\r\n      \"classes\": \"text-img-wrap\",\r\n      \"dosync\": false\r\n    },\r\n    {\r\n      \"type\": \"text\",\r\n      \"cont\": \"<h3 class=\\\"_Default\\\"><span style=\\\"font-family: ClashDisplay-Variable;\\\"><strong>2018<\/strong> <\/span>fand das transeuropa festival mit dem Motto transeuropa fluid statt. Die St\u00fccke, die dort gezeigt wurden, entstanden erst in Hildesheim. Daf\u00fcr waren die K\u00fcnstler*innen einen Monat lang vor dem Festival in Hildesheim. Dabei haben sie erforscht, wie K\u00fcnstler*innen gemeinsam gut arbeiten k\u00f6nnen.<\/h3><p><a class=\\\"laybutton1 laybutton\\\" rel=\\\"noopener\\\" href=\\\"https:\/\/transeuropa-festival.de\/2018\\\" target=\\\"_blank\\\" data-id=\\\"0\\\" data-hoverimageid=\\\"215\\\" data-hoverimagesmallsrc=\\\"\/wp-content\/uploads\/2024\/01\/Screenshot-2024-01-07-165559-265x126.png\\\" data-hoverimagetype=\\\"image\\\">Zur Website<\/a><\/p>\",\r\n      \"align\": \"middle\",\r\n      \"row\": 6,\r\n      \"col\": 0,\r\n      \"colspan\": 3,\r\n      \"offsetx\": 0,\r\n      \"offsety\": 0,\r\n      \"spaceabove\": 1,\r\n      \"spacebelow\": 0,\r\n      \"yvel\": 1,\r\n      \"push\": 0,\r\n      \"relid\": 14,\r\n      \"absolute_position\": false,\r\n      \"frameOverflow\": \"\"\r\n    },\r\n    {\r\n      \"type\": \"hr\",\r\n      \"cont\": \"\",\r\n      \"align\": \"middle\",\r\n      \"row\": 7,\r\n      \"col\": 0,\r\n      \"colspan\": 3,\r\n      \"offsetx\": 0,\r\n      \"offsety\": 0,\r\n      \"spaceabove\": 1,\r\n      \"spacebelow\": 1,\r\n      \"yvel\": 1,\r\n      \"push\": 0,\r\n      \"relid\": 26,\r\n      \"absolute_position\": false,\r\n      \"frameOverflow\": \"\"\r\n    },\r\n    {\r\n      \"type\": \"text\",\r\n      \"cont\": \"<h2 class=\\\"_H2\\\"><a href=\\\"#expandrow\\\" data-expand=\\\"15\\\" data-animation=\\\"400\\\" data-animationtiming=\\\"cubic-bezier(0.17,0.84,0.44,1)\\\" data-collapseotherrows=\\\"false\\\" data-scrolltoexpandedrow=\\\"false\\\">2015<\/a> \u00a0<\/h2>\",\r\n      \"align\": \"top\",\r\n      \"row\": 8,\r\n      \"col\": 0,\r\n      \"colspan\": 3,\r\n      \"offsetx\": 0,\r\n      \"offsety\": 0,\r\n      \"spaceabove\": 0,\r\n      \"spacebelow\": 0,\r\n      \"yvel\": 1,\r\n      \"push\": 0,\r\n      \"relid\": 28,\r\n      \"absolute_position\": false,\r\n      \"classes\": \"text-img-wrap\"\r\n    },\r\n    {\r\n      \"type\": \"text\",\r\n      \"cont\": \"<p class=\\\"_Default\\\"><strong><span style=\\\"font-family: ClashDisplay-Variable;\\\">2015<\/span><\/strong> fand das transeuropa 2015 unter dem Motto \u201eWie wollen wir in Zukunft arbeiten?\u201d statt. Alle scheinen immer zu arbeiten. Das Festival wollte, dass wir aufh\u00f6ren mit arbeiten. Damit wir dann nachdenken, warum und f\u00fcr wen wir arbeiten gehen.<\/p>\",\r\n      \"align\": \"middle\",\r\n      \"row\": 9,\r\n      \"col\": 0,\r\n      \"colspan\": 3,\r\n      \"offsetx\": 0,\r\n      \"offsety\": 0,\r\n      \"spaceabove\": 1,\r\n      \"spacebelow\": 0,\r\n      \"yvel\": 1,\r\n      \"push\": 0,\r\n      \"relid\": 16,\r\n      \"absolute_position\": false,\r\n      \"frameOverflow\": \"\"\r\n    },\r\n    {\r\n      \"type\": \"hr\",\r\n      \"cont\": \"\",\r\n      \"align\": \"middle\",\r\n      \"row\": 10,\r\n      \"col\": 0,\r\n      \"colspan\": 3,\r\n      \"offsetx\": 0,\r\n      \"offsety\": 0,\r\n      \"spaceabove\": 1,\r\n      \"spacebelow\": 1,\r\n      \"yvel\": 1,\r\n      \"push\": 0,\r\n      \"relid\": 30,\r\n      \"absolute_position\": false,\r\n      \"frameOverflow\": \"\"\r\n    },\r\n    {\r\n      \"type\": \"text\",\r\n      \"cont\": \"<h2 class=\\\"_H2\\\" style=\\\"text-align: left;\\\"><a href=\\\"#expandrow\\\" data-expand=\\\"17\\\" data-animation=\\\"400\\\" data-animationtiming=\\\"cubic-bezier(0.17,0.84,0.44,1)\\\" data-collapseotherrows=\\\"false\\\" data-scrolltoexpandedrow=\\\"false\\\">2012<\/a><\/h2>\",\r\n      \"align\": \"top\",\r\n      \"row\": 11,\r\n      \"col\": 0,\r\n      \"colspan\": 3,\r\n      \"offsetx\": 0,\r\n      \"offsety\": 0,\r\n      \"spaceabove\": 0,\r\n      \"spacebelow\": 0,\r\n      \"yvel\": 1,\r\n      \"push\": 0,\r\n      \"relid\": 32,\r\n      \"absolute_position\": false\r\n    },\r\n    {\r\n      \"type\": \"text\",\r\n      \"cont\": \"<p class=\\\"_Default\\\"><span style=\\\"font-weight: 400;\\\"><strong><span style=\\\"font-family: ClashDisplay-Variable;\\\">2012<\/span> <\/strong>startete das <\/span><span style=\\\"font-weight: 400;\\\">transeuropa festival <\/span><span style=\\\"font-weight: 400;\\\">mit einer Parade<\/span> <span style=\\\"font-weight: 400;\\\">hin zum Festivalzentrum. Eingeladen waren K\u00fcnstler*innen aus Island, Litauen, Portugal und Deutschland. Es gab au\u00dferdem viele Gespr\u00e4chsrunden, Workshops und Partys. Besonders war: In diesem Jahr wurde das Festival zum ersten Mal von Student*innen organisiert.<\/span><\/p>\",\r\n      \"align\": \"middle\",\r\n      \"row\": 12,\r\n      \"col\": 0,\r\n      \"colspan\": 3,\r\n      \"offsetx\": 0,\r\n      \"offsety\": 0,\r\n      \"spaceabove\": 1,\r\n      \"spacebelow\": 0,\r\n      \"yvel\": 1,\r\n      \"push\": 0,\r\n      \"relid\": 18,\r\n      \"absolute_position\": false,\r\n      \"frameOverflow\": \"\"\r\n    },\r\n    {\r\n      \"type\": \"hr\",\r\n      \"cont\": \"\",\r\n      \"align\": \"middle\",\r\n      \"row\": 13,\r\n      \"col\": 0,\r\n      \"colspan\": 3,\r\n      \"offsetx\": 0,\r\n      \"offsety\": 0,\r\n      \"spaceabove\": 1,\r\n      \"spacebelow\": 1,\r\n      \"yvel\": 1,\r\n      \"push\": 0,\r\n      \"relid\": 34,\r\n      \"absolute_position\": false,\r\n      \"frameOverflow\": \"\"\r\n    },\r\n    {\r\n      \"type\": \"text\",\r\n      \"cont\": \"<h2 class=\\\"_H2\\\"><a href=\\\"#expandrow\\\" data-expand=\\\"19\\\" data-animation=\\\"400\\\" data-animationtiming=\\\"cubic-bezier(0.17,0.84,0.44,1)\\\" data-collapseotherrows=\\\"false\\\" data-scrolltoexpandedrow=\\\"false\\\">2009<\/a><\/h2>\",\r\n      \"align\": \"top\",\r\n      \"row\": 14,\r\n      \"col\": 0,\r\n      \"colspan\": 3,\r\n      \"offsetx\": 0,\r\n      \"offsety\": 0,\r\n      \"spaceabove\": 0,\r\n      \"spacebelow\": 0,\r\n      \"yvel\": 1,\r\n      \"push\": 0,\r\n      \"relid\": 36,\r\n      \"absolute_position\": false,\r\n      \"classes\": \"text-img-wrap\"\r\n    },\r\n    {\r\n      \"type\": \"text\",\r\n      \"cont\": \"<p class=\\\"_Default\\\"><span style=\\\"font-weight: 400;\\\"><strong><span style=\\\"font-family: ClashDisplay-Variable;\\\">2009<\/span> <\/strong>hatte das <\/span><span style=\\\"font-weight: 400;\\\">transeuropa festival<\/span><span style=\\\"font-weight: 400;\\\"> das Thema \u201eGrenzwert \u2013 What\u2018s your border worth?\u201c. Auf deutsch hei\u00dft das: Wie viel ist deine Grenze Wert? Es ging dabei um Grenzen zwischen L\u00e4ndern, aber auch zwischen Menschen. Die K\u00fcnstler*innen kamen daf\u00fcr aus Belgien, Deutschland, Serbien und der T\u00fcrkei. Sie entwickelten neue k\u00fcnstlerische Aktionen, die auf dem <\/span><i><span style=\\\"font-weight: 400;\\\">transeuropa 2009<\/span><\/i><span style=\\\"font-weight: 400;\\\"> zum ersten Mal aufgef\u00fchrt wurden. Und zwar nicht nur im Theater, sonder auch an anderen Orten in der Hildesheimer Innenstadt.<\/span><\/p><p><a class=\\\"laybutton1 laybutton\\\" rel=\\\"noopener\\\" href=\\\"https:\/\/transeuropa-festival.de\/2009\\\" target=\\\"_blank\\\" data-id=\\\"0\\\" data-hoverimageid=\\\"216\\\" data-hoverimagesmallsrc=\\\"\/wp-content\/uploads\/2024\/01\/Screenshot-2024-01-07-165640-265x125.png\\\" data-hoverimagetype=\\\"image\\\">Zur Website<\/a><\/p>\",\r\n      \"align\": \"middle\",\r\n      \"row\": 15,\r\n      \"col\": 0,\r\n      \"colspan\": 3,\r\n      \"offsetx\": 0,\r\n      \"offsety\": 0,\r\n      \"spaceabove\": 1,\r\n      \"spacebelow\": 0,\r\n      \"yvel\": 1,\r\n      \"push\": 0,\r\n      \"relid\": 20,\r\n      \"absolute_position\": false,\r\n      \"frameOverflow\": \"\"\r\n    },\r\n    {\r\n      \"type\": \"hr\",\r\n      \"cont\": \"\",\r\n      \"align\": \"middle\",\r\n      \"row\": 16,\r\n      \"col\": 0,\r\n      \"colspan\": 3,\r\n      \"offsetx\": 0,\r\n      \"offsety\": 0,\r\n      \"spaceabove\": 1,\r\n      \"spacebelow\": 1,\r\n      \"yvel\": 1,\r\n      \"push\": 0,\r\n      \"relid\": 39,\r\n      \"absolute_position\": false,\r\n      \"frameOverflow\": \"\"\r\n    },\r\n    {\r\n      \"type\": \"text\",\r\n      \"cont\": \"<h2 class=\\\"_H2\\\" style=\\\"text-align: left;\\\"><a href=\\\"#expandrow\\\" data-expand=\\\"41\\\" data-animation=\\\"400\\\" data-animationtiming=\\\"cubic-bezier(0.17,0.84,0.44,1)\\\" data-collapseotherrows=\\\"false\\\" data-scrolltoexpandedrow=\\\"false\\\">2006<\/a><\/h2>\",\r\n      \"align\": \"top\",\r\n      \"row\": 17,\r\n      \"col\": 0,\r\n      \"colspan\": 3,\r\n      \"offsetx\": 0,\r\n      \"offsety\": 0,\r\n      \"spaceabove\": 0,\r\n      \"spacebelow\": 0,\r\n      \"yvel\": 1,\r\n      \"push\": 0,\r\n      \"relid\": 40,\r\n      \"absolute_position\": false\r\n    },\r\n    {\r\n      \"type\": \"text\",\r\n      \"cont\": \"<p class=\\\"_Default\\\"><strong><span style=\\\"font-family: ClashDisplay-Variable;\\\">2006<\/span> <\/strong>kamen K\u00fcnstler*innen aus Kroatien, Mazedonien, der Schweiz, Slowenien und Deutschland nach Hildesheim. Das transeuropa 2006 feierte das Zusammen sein. Es entstanden drei internationale k\u00fcnstlerische Aktionen extra f\u00fcr das Festival. Das Leitungsteam lud dazu alle ein, eine Gemeinschaft w\u00e4hrend dem Festival zu werden.<\/p><p><a class=\\\"laybutton1 laybutton\\\" rel=\\\"noopener\\\" href=\\\"https:\/\/transeuropa-festival.de\/2006\\\" target=\\\"_blank\\\" data-id=\\\"0\\\" data-hoverimageid=\\\"217\\\" data-hoverimagesmallsrc=\\\"\/wp-content\/uploads\/2024\/01\/Screenshot-2024-01-07-165657-265x124.png\\\" data-hoverimagetype=\\\"image\\\">Zur Website<\/a><\/p>\",\r\n      \"align\": \"middle\",\r\n      \"row\": 18,\r\n      \"col\": 0,\r\n      \"colspan\": 3,\r\n      \"offsetx\": 0,\r\n      \"offsety\": 0,\r\n      \"spaceabove\": 1,\r\n      \"spacebelow\": 0,\r\n      \"yvel\": 1,\r\n      \"push\": 0,\r\n      \"relid\": 42,\r\n      \"absolute_position\": false,\r\n      \"frameOverflow\": \"\"\r\n    },\r\n    {\r\n      \"type\": \"hr\",\r\n      \"cont\": \"\",\r\n      \"align\": \"middle\",\r\n      \"row\": 19,\r\n      \"col\": 0,\r\n      \"colspan\": 3,\r\n      \"offsetx\": 0,\r\n      \"offsety\": 0,\r\n      \"spaceabove\": 1,\r\n      \"spacebelow\": 1,\r\n      \"yvel\": 1,\r\n      \"push\": 0,\r\n      \"relid\": 46,\r\n      \"absolute_position\": false,\r\n      \"frameOverflow\": \"\"\r\n    },\r\n    {\r\n      \"type\": \"text\",\r\n      \"cont\": \"<h2 class=\\\"_H2\\\"><a href=\\\"#expandrow\\\" data-expand=\\\"43\\\" data-animation=\\\"400\\\" data-animationtiming=\\\"cubic-bezier(0.17,0.84,0.44,1)\\\" data-collapseotherrows=\\\"false\\\" data-scrolltoexpandedrow=\\\"false\\\">2003<\/a><\/h2>\",\r\n      \"align\": \"top\",\r\n      \"row\": 20,\r\n      \"col\": 0,\r\n      \"colspan\": 3,\r\n      \"offsetx\": 0,\r\n      \"offsety\": 0,\r\n      \"spaceabove\": 0,\r\n      \"spacebelow\": 0,\r\n      \"yvel\": 1,\r\n      \"push\": 0,\r\n      \"relid\": 47,\r\n      \"absolute_position\": false,\r\n      \"classes\": \"text-img-wrap\"\r\n    },\r\n    {\r\n      \"type\": \"text\",\r\n      \"cont\": \"<p class=\\\"_Default\\\"><strong><span style=\\\"font-family: ClashDisplay-Variable;\\\">2003<\/span> <\/strong>hatte das Motto: \u201eDabei sein ist alles\u201c. Das Motto wurde auf den Sport bezogen. Das Leitungsteam verstand Theater als Training f\u00fcr die Wirklichkeit. K\u00fcnstler*innen aus Estland, Norwegen, der Schweiz und Deutschland zeigten ihre k\u00fcnstlerischen Aktionen in Hildesheim. K\u00fcnstler*innen, die noch studierten, wurden getrennt im Programm genannt.<\/p><p><a class=\\\"laybutton1 laybutton\\\" rel=\\\"noopener\\\" href=\\\"https:\/\/transeuropa-festival.de\/2003\\\" target=\\\"_blank\\\" data-id=\\\"0\\\" data-hoverimageid=\\\"218\\\" data-hoverimagesmallsrc=\\\"\/wp-content\/uploads\/2024\/01\/Screenshot-2024-01-07-165710-265x125.png\\\" data-hoverimagetype=\\\"image\\\">Zur Website<\/a><\/p>\",\r\n      \"align\": \"middle\",\r\n      \"row\": 21,\r\n      \"col\": 0,\r\n      \"colspan\": 3,\r\n      \"offsetx\": 0,\r\n      \"offsety\": 0,\r\n      \"spaceabove\": 1,\r\n      \"spacebelow\": 0,\r\n      \"yvel\": 1,\r\n      \"push\": 0,\r\n      \"relid\": 48,\r\n      \"absolute_position\": false,\r\n      \"frameOverflow\": \"\"\r\n    },\r\n    {\r\n      \"type\": \"hr\",\r\n      \"cont\": \"\",\r\n      \"align\": \"middle\",\r\n      \"row\": 22,\r\n      \"col\": 0,\r\n      \"colspan\": 3,\r\n      \"offsetx\": 0,\r\n      \"offsety\": 0,\r\n      \"spaceabove\": 1,\r\n      \"spacebelow\": 1,\r\n      \"yvel\": 1,\r\n      \"push\": 0,\r\n      \"relid\": 52,\r\n      \"absolute_position\": false,\r\n      \"frameOverflow\": \"\"\r\n    },\r\n    {\r\n      \"type\": \"text\",\r\n      \"cont\": \"<h2 class=\\\"_H2\\\" style=\\\"text-align: left;\\\"><a href=\\\"#expandrow\\\" data-expand=\\\"49\\\" data-animation=\\\"400\\\" data-animationtiming=\\\"cubic-bezier(0.17,0.84,0.44,1)\\\" data-collapseotherrows=\\\"false\\\" data-scrolltoexpandedrow=\\\"false\\\">2000<img class=\\\"img-in-text\\\" src=\\\"&quot;https:\/\/transeuropa-festival.de\/2024\/wp-content\/uploads\/2024\/01\/te-logo-2000.gif\\\" alt=\\\"\\\" \/><\/a><\/h2>\",\r\n      \"align\": \"top\",\r\n      \"row\": 23,\r\n      \"col\": 0,\r\n      \"colspan\": 3,\r\n      \"offsetx\": 0,\r\n      \"offsety\": 0,\r\n      \"spaceabove\": 0,\r\n      \"spacebelow\": 0,\r\n      \"yvel\": 1,\r\n      \"push\": 0,\r\n      \"relid\": 53,\r\n      \"absolute_position\": false,\r\n      \"classes\": \"text-img-wrap\"\r\n    },\r\n    {\r\n      \"type\": \"text\",\r\n      \"cont\": \"<p class=\\\"_Default\\\"><span style=\\\"font-family: ClashDisplay-Variable;\\\"><strong>2000<\/strong> <\/span>wurden K\u00fcnstler*innen aus D\u00e4nemark, Gro\u00dfbritannien, Russland und Deutschland eingeladen. 3 Theatergruppen arbeiteten in Hildesheim f\u00fcr das Festival zusammen und entwickelten k\u00fcnstlerische Aktionen. Das transeuropa 2000 fand nicht nur in Hildesheim statt. Ein Teil des Programms war in Hannover auf der Weltausstellung Expo zu sehen.<\/p><p><a class=\\\"laybutton1 laybutton\\\" rel=\\\"noopener\\\" href=\\\"https:\/\/transeuropa-festival.de\/2000\\\" target=\\\"_blank\\\" data-id=\\\"0\\\" data-hoverimageid=\\\"219\\\" data-hoverimagesmallsrc=\\\"\/wp-content\/uploads\/2024\/01\/Screenshot-2024-01-07-165725-265x125.png\\\" data-hoverimagetype=\\\"image\\\">Zur Website<\/a><\/p>\",\r\n      \"align\": \"middle\",\r\n      \"row\": 24,\r\n      \"col\": 0,\r\n      \"colspan\": 3,\r\n      \"offsetx\": 0,\r\n      \"offsety\": 0,\r\n      \"spaceabove\": 1,\r\n      \"spacebelow\": 0,\r\n      \"yvel\": 1,\r\n      \"push\": 0,\r\n      \"relid\": 54,\r\n      \"absolute_position\": false,\r\n      \"frameOverflow\": \"\"\r\n    },\r\n    {\r\n      \"type\": \"hr\",\r\n      \"cont\": \"\",\r\n      \"align\": \"middle\",\r\n      \"row\": 25,\r\n      \"col\": 0,\r\n      \"colspan\": 3,\r\n      \"offsetx\": 0,\r\n      \"offsety\": 0,\r\n      \"spaceabove\": 1,\r\n      \"spacebelow\": 1,\r\n      \"yvel\": 1,\r\n      \"push\": 0,\r\n      \"relid\": 58,\r\n      \"absolute_position\": false,\r\n      \"frameOverflow\": \"\"\r\n    },\r\n    {\r\n      \"type\": \"text\",\r\n      \"cont\": \"<h2 class=\\\"_H2\\\"><a href=\\\"#expandrow\\\" data-expand=\\\"56\\\" data-animation=\\\"400\\\" data-animationtiming=\\\"cubic-bezier(0.17,0.84,0.44,1)\\\" data-collapseotherrows=\\\"false\\\" data-scrolltoexpandedrow=\\\"false\\\">1997<\/a><\/h2>\",\r\n      \"align\": \"top\",\r\n      \"row\": 26,\r\n      \"col\": 0,\r\n      \"colspan\": 3,\r\n      \"offsetx\": 0,\r\n      \"offsety\": 0,\r\n      \"spaceabove\": 0,\r\n      \"spacebelow\": 0,\r\n      \"yvel\": 1,\r\n      \"push\": 0,\r\n      \"relid\": 59,\r\n      \"absolute_position\": false\r\n    },\r\n    {\r\n      \"type\": \"text\",\r\n      \"cont\": \"<p class=\\\"_Default\\\"><span style=\\\"font-weight: 400;\\\"><strong><span style=\\\"font-family: ClashDisplay-Variable;\\\">1997<\/span> <\/strong>lud das <\/span><span style=\\\"font-weight: 400;\\\">transeuropa festival <\/span><span style=\\\"font-weight: 400;\\\">K\u00fcnstler*innen aus Gro\u00dfbritannien, den Niederlanden, Tschechien und Deutschland nach Hildesheim ein. Das Leitungsteam wollte ins Gespr\u00e4ch \u00fcber europ\u00e4isches Theater kommen. Es hat sich gefragt: Wie nimmt Herkunft und Erfahrung Einfluss auf meine k\u00fcnstlerische Arbeit?<\/span><\/p><p><a class=\\\"laybutton1 laybutton\\\" rel=\\\"noopener\\\" href=\\\"https:\/\/transeuropa-festival.de\/1997\\\" target=\\\"_blank\\\" data-id=\\\"0\\\" data-hoverimageid=\\\"220\\\" data-hoverimagesmallsrc=\\\"\/wp-content\/uploads\/2024\/01\/Screenshot-2024-01-07-165749-265x126.png\\\" data-hoverimagetype=\\\"image\\\">Zur Website<\/a><\/p>\",\r\n      \"align\": \"middle\",\r\n      \"row\": 27,\r\n      \"col\": 0,\r\n      \"colspan\": 3,\r\n      \"offsetx\": 0,\r\n      \"offsety\": 0,\r\n      \"spaceabove\": 1,\r\n      \"spacebelow\": 0,\r\n      \"yvel\": 1,\r\n      \"push\": 0,\r\n      \"relid\": 60,\r\n      \"absolute_position\": false,\r\n      \"frameOverflow\": \"\"\r\n    },\r\n    {\r\n      \"type\": \"hr\",\r\n      \"cont\": \"\",\r\n      \"align\": \"middle\",\r\n      \"row\": 28,\r\n      \"col\": 0,\r\n      \"colspan\": 3,\r\n      \"offsetx\": 0,\r\n      \"offsety\": 0,\r\n      \"spaceabove\": 1,\r\n      \"spacebelow\": 1,\r\n      \"yvel\": 1,\r\n      \"push\": 0,\r\n      \"relid\": 64,\r\n      \"absolute_position\": false,\r\n      \"frameOverflow\": \"\"\r\n    },\r\n    {\r\n      \"type\": \"text\",\r\n      \"cont\": \"<h2 class=\\\"_H2\\\" style=\\\"text-align: left;\\\"><a href=\\\"#expandrow\\\" data-expand=\\\"61\\\" data-animation=\\\"400\\\" data-animationtiming=\\\"cubic-bezier(0.17,0.84,0.44,1)\\\" data-collapseotherrows=\\\"false\\\" data-scrolltoexpandedrow=\\\"false\\\">1994<\/a><\/h2>\",\r\n      \"align\": \"top\",\r\n      \"row\": 29,\r\n      \"col\": 0,\r\n      \"colspan\": 3,\r\n      \"offsetx\": 0,\r\n      \"offsety\": 0,\r\n      \"spaceabove\": 0,\r\n      \"spacebelow\": 0,\r\n      \"yvel\": 1,\r\n      \"push\": 0,\r\n      \"relid\": 65,\r\n      \"absolute_position\": false\r\n    },\r\n    {\r\n      \"type\": \"text\",\r\n      \"cont\": \"<p class=\\\"_Default\\\"><strong><span style=\\\"font-family: ClashDisplay-Variable;\\\">1994<\/span><\/strong> fand das transeuropa festival zum ersten Mal statt. Es gab 10 Theaterauff\u00fchrungen aus Polen, Belgien, Deutschland und den Niederlanden in 6 Tagen. Es m\u00f6chte einen Austausch zwischen europ\u00e4ischen K\u00fcnstler*innen anregen.<\/p>\",\r\n      \"align\": \"middle\",\r\n      \"row\": 30,\r\n      \"col\": 0,\r\n      \"colspan\": 3,\r\n      \"offsetx\": 0,\r\n      \"offsety\": 0,\r\n      \"spaceabove\": 1,\r\n      \"spacebelow\": 0,\r\n      \"yvel\": 1,\r\n      \"push\": 0,\r\n      \"relid\": 66,\r\n      \"absolute_position\": false,\r\n      \"frameOverflow\": \"\"\r\n    }\r\n  ]\r\n}","phonegrid":"{\r\n  \"colCount\": 3,\r\n  \"colGutter\": 5,\r\n  \"rowGutters\": [\r\n    \"0\",\r\n    \"0\",\r\n    \"0\",\r\n    \"0\",\r\n    \"0\",\r\n    \"0\",\r\n    \"0\",\r\n    \"0\",\r\n    \"0\",\r\n    \"0\",\r\n    \"0\",\r\n    \"0\",\r\n    \"0\",\r\n    \"0\",\r\n    \"0\",\r\n    \"0\",\r\n    \"0\",\r\n    \"0\",\r\n    \"0\",\r\n    \"0\",\r\n    \"0\",\r\n    \"0\",\r\n    \"0\",\r\n    \"0\",\r\n    \"0\",\r\n    \"0\",\r\n    \"0\",\r\n    \"0\",\r\n    \"0\",\r\n    \"0\"\r\n  ],\r\n  \"frameMargin\": 5,\r\n  \"topFrameMargin\": 20,\r\n  \"rightFrameMargin\": 5,\r\n  \"bottomFrameMargin\": 10,\r\n  \"leftFrameMargin\": 5,\r\n  \"mus\": {\r\n    \"colGutterMu\": \"%\",\r\n    \"rowGutterMu\": \"%\",\r\n    \"topFrameMu\": \"%\",\r\n    \"bottomFrameMu\": \"%\",\r\n    \"frameMu\": \"%\"\r\n  },\r\n  \"rowAttrs\": [\r\n    {\r\n      \"relid\": 1\r\n    },\r\n    {\r\n      \"relid\": 2\r\n    },\r\n    {\r\n      \"relid\": 7\r\n    },\r\n    {\r\n      \"relid\": 9,\r\n      \"collapse\": true\r\n    },\r\n    {\r\n      \"relid\": 67\r\n    },\r\n    {\r\n      \"relid\": 68\r\n    },\r\n    {\r\n      \"relid\": 69,\r\n      \"collapse\": true\r\n    },\r\n    {\r\n      \"relid\": 70\r\n    },\r\n    {\r\n      \"relid\": 71\r\n    },\r\n    {\r\n      \"relid\": 72,\r\n      \"collapse\": true\r\n    },\r\n    {\r\n      \"relid\": 73\r\n    },\r\n    {\r\n      \"relid\": 74\r\n    },\r\n    {\r\n      \"relid\": 75,\r\n      \"collapse\": true\r\n    },\r\n    {\r\n      \"relid\": 76\r\n    },\r\n    {\r\n      \"relid\": 77\r\n    },\r\n    {\r\n      \"relid\": 78,\r\n      \"collapse\": true\r\n    },\r\n    {\r\n      \"relid\": 79\r\n    },\r\n    {\r\n      \"relid\": 80\r\n    },\r\n    {\r\n      \"relid\": 81,\r\n      \"collapse\": true\r\n    },\r\n    {\r\n      \"relid\": 82\r\n    },\r\n    {\r\n      \"relid\": 83\r\n    },\r\n    {\r\n      \"relid\": 84,\r\n      \"collapse\": true\r\n    },\r\n    {\r\n      \"relid\": 85\r\n    },\r\n    {\r\n      \"relid\": 86\r\n    },\r\n    {\r\n      \"relid\": 87,\r\n      \"collapse\": true\r\n    },\r\n    {\r\n      \"relid\": 88\r\n    },\r\n    {\r\n      \"relid\": 89\r\n    },\r\n    {\r\n      \"relid\": 90,\r\n      \"collapse\": true\r\n    },\r\n    {\r\n      \"relid\": 91\r\n    },\r\n    {\r\n      \"relid\": 92\r\n    },\r\n    {\r\n      \"relid\": 93,\r\n      \"collapse\": true\r\n    }\r\n  ],\r\n  \"bgColor\": null,\r\n  \"bgImage\": null,\r\n  \"cont\": [\r\n    {\r\n      \"type\": \"text\",\r\n      \"cont\": \"<h1 class=\\\"_H1\\\">Archiv<\/h1>\",\r\n      \"align\": \"bottom\",\r\n      \"row\": 0,\r\n      \"col\": 0,\r\n      \"colspan\": 3,\r\n      \"offsetx\": 0,\r\n      \"offsety\": 0,\r\n      \"spaceabove\": 0,\r\n      \"spacebelow\": 0,\r\n      \"yvel\": 1,\r\n      \"push\": 0,\r\n      \"relid\": 5,\r\n      \"absolute_position\": false\r\n    },\r\n    {\r\n      \"type\": \"hr\",\r\n      \"cont\": \"\",\r\n      \"align\": \"bottom\",\r\n      \"row\": 1,\r\n      \"col\": 0,\r\n      \"colspan\": 3,\r\n      \"offsetx\": 0,\r\n      \"offsety\": 0,\r\n      \"spaceabove\": \"5\",\r\n      \"spacebelow\": \"5\",\r\n      \"yvel\": 1,\r\n      \"push\": 0,\r\n      \"relid\": 10,\r\n      \"absolute_position\": false\r\n    },\r\n    {\r\n      \"type\": \"text\",\r\n      \"cont\": \"<h2 class=\\\"_H2\\\"><a href=\\\"#expandrow\\\" data-expand=\\\"9\\\" data-animation=\\\"400\\\" data-animationtiming=\\\"cubic-bezier(0.17,0.84,0.44,1)\\\" data-collapseotherrows=\\\"false\\\" data-scrolltoexpandedrow=\\\"false\\\">2021 \u00a0<\/a><\/h2><p><img class=\\\"img-in-text\\\" src=\\\"https:\/\/transeuropa-festival.de\/2024\/wp-content\/uploads\/2024\/01\/te-logo-2021-schwarz.png\\\" alt=\\\"\\\" \/><\/p>\",\r\n      \"align\": \"top\",\r\n      \"row\": 2,\r\n      \"col\": 0,\r\n      \"colspan\": 3,\r\n      \"offsetx\": 0,\r\n      \"offsety\": 0,\r\n      \"spaceabove\": 0,\r\n      \"spacebelow\": 0,\r\n      \"yvel\": 1,\r\n      \"push\": 0,\r\n      \"relid\": 6,\r\n      \"absolute_position\": false,\r\n      \"classes\": \"text-img-wrap\",\r\n      \"dosync\": false\r\n    },\r\n    {\r\n      \"type\": \"text\",\r\n      \"cont\": \"<h3 class=\\\"_Default\\\"><span style=\\\"font-family: ClashDisplay-Variable;\\\"><strong>2021<\/strong> <\/span>fand das transeuropa festival zum zehnten Mal statt. Das transeuropa [X] hatte das Motto ENTER THE COLLEC\u00adTIVE VISION \u2013\u00ad GEMEIN\u00ad\u00adSCHAFT UNTER NEUEN VORZEICHEN. W\u00e4hrenddessen gab es strenge Regeln wegen der COVID-19 Pandemie. Die K\u00fcnstler*innen, die dort eingeladen waren, haben \u00fcberlegt, wie sich eine Gemeinschaft anf\u00fchlen kann.<\/h3><p><a class=\\\"laybutton1 laybutton\\\" rel=\\\"noopener\\\" href=\\\"https:\/\/transeuropa-festival.de\/2021\\\" target=\\\"_blank\\\" data-id=\\\"0\\\" data-hoverimageid=\\\"214\\\" data-hoverimagesmallsrc=\\\"\/wp-content\/uploads\/2024\/01\/Screenshot-2024-01-07-165506-265x127.png\\\" data-hoverimagetype=\\\"image\\\">Zur Website<\/a><\/p>\",\r\n      \"align\": \"bottom\",\r\n      \"row\": 3,\r\n      \"col\": 0,\r\n      \"colspan\": 3,\r\n      \"offsetx\": 0,\r\n      \"offsety\": 0,\r\n      \"spaceabove\": \"05\",\r\n      \"spacebelow\": 0,\r\n      \"yvel\": 1,\r\n      \"push\": 0,\r\n      \"relid\": 12,\r\n      \"absolute_position\": false,\r\n      \"frameOverflow\": \"\"\r\n    },\r\n    {\r\n      \"type\": \"hr\",\r\n      \"cont\": \"\",\r\n      \"align\": \"bottom\",\r\n      \"row\": 4,\r\n      \"col\": 0,\r\n      \"colspan\": 3,\r\n      \"offsetx\": 0,\r\n      \"offsety\": 0,\r\n      \"spaceabove\": \"5\",\r\n      \"spacebelow\": \"5\",\r\n      \"yvel\": 1,\r\n      \"push\": 0,\r\n      \"relid\": 22,\r\n      \"absolute_position\": false\r\n    },\r\n    {\r\n      \"type\": \"text\",\r\n      \"cont\": \"<h2 class=\\\"_H2\\\" style=\\\"text-align: left;\\\"><a href=\\\"#expandrow\\\" data-id=\\\"0\\\">2018<\/a> \u00a0<\/h2><p><img class=\\\"img-in-text\\\" src=\\\"https:\/\/transeuropa-festival.de\/2024\/wp-content\/uploads\/2024\/01\/te-logo-2018.gif\\\" alt=\\\"\\\" \/><\/p>\",\r\n      \"align\": \"bottom\",\r\n      \"row\": 5,\r\n      \"col\": 0,\r\n      \"colspan\": 3,\r\n      \"offsetx\": 0,\r\n      \"offsety\": 0,\r\n      \"spaceabove\": 0,\r\n      \"spacebelow\": 0,\r\n      \"yvel\": 1,\r\n      \"push\": 0,\r\n      \"relid\": 24,\r\n      \"absolute_position\": false,\r\n      \"classes\": \"text-img-wrap\",\r\n      \"dosync\": false\r\n    },\r\n    {\r\n      \"type\": \"text\",\r\n      \"cont\": \"<h3 class=\\\"_Default\\\"><span style=\\\"font-family: ClashDisplay-Variable;\\\"><strong>2018<\/strong> <\/span>fand das transeuropa festival mit dem Motto transeuropa fluid statt. Die St\u00fccke, die dort gezeigt wurden, entstanden erst in Hildesheim. Daf\u00fcr waren die K\u00fcnstler*innen einen Monat lang vor dem Festival in Hildesheim. Dabei haben sie erforscht, wie K\u00fcnstler*innen gemeinsam gut arbeiten k\u00f6nnen.<\/h3><p><a class=\\\"laybutton1 laybutton\\\" rel=\\\"noopener\\\" href=\\\"https:\/\/transeuropa-festival.de\/2018\\\" target=\\\"_blank\\\" data-id=\\\"0\\\" data-hoverimageid=\\\"215\\\" data-hoverimagesmallsrc=\\\"\/wp-content\/uploads\/2024\/01\/Screenshot-2024-01-07-165559-265x126.png\\\" data-hoverimagetype=\\\"image\\\">Zur Website<\/a><\/p>\",\r\n      \"align\": \"bottom\",\r\n      \"row\": 6,\r\n      \"col\": 0,\r\n      \"colspan\": 3,\r\n      \"offsetx\": 0,\r\n      \"offsety\": 0,\r\n      \"spaceabove\": \"5\",\r\n      \"spacebelow\": 0,\r\n      \"yvel\": 1,\r\n      \"push\": 0,\r\n      \"relid\": 14,\r\n      \"absolute_position\": false,\r\n      \"frameOverflow\": \"\"\r\n    },\r\n    {\r\n      \"type\": \"hr\",\r\n      \"cont\": \"\",\r\n      \"align\": \"bottom\",\r\n      \"row\": 7,\r\n      \"col\": 0,\r\n      \"colspan\": 3,\r\n      \"offsetx\": 0,\r\n      \"offsety\": 0,\r\n      \"spaceabove\": \"5\",\r\n      \"spacebelow\": \"5\",\r\n      \"yvel\": 1,\r\n      \"push\": 0,\r\n      \"relid\": 26,\r\n      \"absolute_position\": false\r\n    },\r\n    {\r\n      \"type\": \"text\",\r\n      \"cont\": \"<h2 class=\\\"_H2\\\"><a href=\\\"#expandrow\\\" data-expand=\\\"15,72\\\" data-animation=\\\"400\\\" data-animationtiming=\\\"cubic-bezier(0.17,0.84,0.44,1)\\\" data-collapseotherrows=\\\"false\\\" data-scrolltoexpandedrow=\\\"false\\\">2015<\/a><\/h2>\",\r\n      \"align\": \"bottom\",\r\n      \"row\": 8,\r\n      \"col\": 0,\r\n      \"colspan\": 3,\r\n      \"offsetx\": 0,\r\n      \"offsety\": 0,\r\n      \"spaceabove\": 0,\r\n      \"spacebelow\": 0,\r\n      \"yvel\": 1,\r\n      \"push\": 0,\r\n      \"relid\": 28,\r\n      \"absolute_position\": false\r\n    },\r\n    {\r\n      \"type\": \"text\",\r\n      \"cont\": \"<p class=\\\"_Default\\\"><strong><span style=\\\"font-family: ClashDisplay-Variable;\\\">2015<\/span><\/strong> fand das transeuropa 2015 unter dem Motto \u201eWie wollen wir in Zukunft arbeiten?\u201d statt. Alle scheinen immer zu arbeiten. Das Festival wollte, dass wir aufh\u00f6ren mit arbeiten. Damit wir dann nachdenken, warum und f\u00fcr wen wir arbeiten gehen.<\/p>\",\r\n      \"align\": \"bottom\",\r\n      \"row\": 9,\r\n      \"col\": 0,\r\n      \"colspan\": 3,\r\n      \"offsetx\": 0,\r\n      \"offsety\": 0,\r\n      \"spaceabove\": \"5\",\r\n      \"spacebelow\": 0,\r\n      \"yvel\": 1,\r\n      \"push\": 0,\r\n      \"relid\": 16,\r\n      \"absolute_position\": false\r\n    },\r\n    {\r\n      \"type\": \"hr\",\r\n      \"cont\": \"\",\r\n      \"align\": \"bottom\",\r\n      \"row\": 10,\r\n      \"col\": 0,\r\n      \"colspan\": 3,\r\n      \"offsetx\": 0,\r\n      \"offsety\": 0,\r\n      \"spaceabove\": \"5\",\r\n      \"spacebelow\": \"5\",\r\n      \"yvel\": 1,\r\n      \"push\": 0,\r\n      \"relid\": 30,\r\n      \"absolute_position\": false\r\n    },\r\n    {\r\n      \"type\": \"text\",\r\n      \"cont\": \"<h2 class=\\\"_H2\\\" style=\\\"text-align: left;\\\"><a href=\\\"#expandrow\\\" data-expand=\\\"17,75\\\" data-animation=\\\"400\\\" data-animationtiming=\\\"cubic-bezier(0.17,0.84,0.44,1)\\\" data-collapseotherrows=\\\"false\\\" data-scrolltoexpandedrow=\\\"false\\\">2012<\/a><\/h2>\",\r\n      \"align\": \"bottom\",\r\n      \"row\": 11,\r\n      \"col\": 0,\r\n      \"colspan\": 3,\r\n      \"offsetx\": 0,\r\n      \"offsety\": 0,\r\n      \"spaceabove\": 0,\r\n      \"spacebelow\": 0,\r\n      \"yvel\": 1,\r\n      \"push\": 0,\r\n      \"relid\": 32,\r\n      \"absolute_position\": false\r\n    },\r\n    {\r\n      \"type\": \"text\",\r\n      \"cont\": \"<p class=\\\"_Default\\\"><span style=\\\"font-weight: 400;\\\"><strong><span style=\\\"font-family: ClashDisplay-Variable;\\\">2012<\/span> <\/strong>startete das <\/span><span style=\\\"font-weight: 400;\\\">transeuropa festival <\/span><span style=\\\"font-weight: 400;\\\">mit einer Parade<\/span> <span style=\\\"font-weight: 400;\\\">hin zum Festivalzentrum. Eingeladen waren K\u00fcnstler*innen aus Island, Litauen, Portugal und Deutschland. Es gab au\u00dferdem viele Gespr\u00e4chsrunden, Workshops und Partys. Besonders war: In diesem Jahr wurde das Festival zum ersten Mal von Student*innen organisiert.<\/span><\/p>\",\r\n      \"align\": \"bottom\",\r\n      \"row\": 12,\r\n      \"col\": 0,\r\n      \"colspan\": 3,\r\n      \"offsetx\": 0,\r\n      \"offsety\": 0,\r\n      \"spaceabove\": \"05\",\r\n      \"spacebelow\": 0,\r\n      \"yvel\": 1,\r\n      \"push\": 0,\r\n      \"relid\": 18,\r\n      \"absolute_position\": false\r\n    },\r\n    {\r\n      \"type\": \"hr\",\r\n      \"cont\": \"\",\r\n      \"align\": \"bottom\",\r\n      \"row\": 13,\r\n      \"col\": 0,\r\n      \"colspan\": 3,\r\n      \"offsetx\": 0,\r\n      \"offsety\": 0,\r\n      \"spaceabove\": \"5\",\r\n      \"spacebelow\": \"5\",\r\n      \"yvel\": 1,\r\n      \"push\": 0,\r\n      \"relid\": 34,\r\n      \"absolute_position\": false\r\n    },\r\n    {\r\n      \"type\": \"text\",\r\n      \"cont\": \"<h2 class=\\\"_H2\\\"><a href=\\\"#expandrow\\\" data-id=\\\"0\\\">2009<\/a> \u00a0<\/h2><p>\u00a0<\/p>\",\r\n      \"align\": \"bottom\",\r\n      \"row\": 14,\r\n      \"col\": 0,\r\n      \"colspan\": 3,\r\n      \"offsetx\": 0,\r\n      \"offsety\": 0,\r\n      \"spaceabove\": 0,\r\n      \"spacebelow\": 0,\r\n      \"yvel\": 1,\r\n      \"push\": 0,\r\n      \"relid\": 36,\r\n      \"absolute_position\": false,\r\n      \"classes\": \"text-img-wrap\"\r\n    },\r\n    {\r\n      \"type\": \"text\",\r\n      \"cont\": \"<p class=\\\"_Default\\\"><span style=\\\"font-weight: 400;\\\"><strong><span style=\\\"font-family: ClashDisplay-Variable;\\\">2009<\/span> <\/strong>hatte das <\/span><span style=\\\"font-weight: 400;\\\">transeuropa festival<\/span><span style=\\\"font-weight: 400;\\\"> das Thema \u201eGrenzwert \u2013 What\u2018s your border worth?\u201c. Auf deutsch hei\u00dft das: Wie viel ist deine Grenze Wert? Es ging dabei um Grenzen zwischen L\u00e4ndern, aber auch zwischen Menschen. Die K\u00fcnstler*innen kamen daf\u00fcr aus Belgien, Deutschland, Serbien und der T\u00fcrkei. Sie entwickelten neue k\u00fcnstlerische Aktionen, die auf dem <\/span><i><span style=\\\"font-weight: 400;\\\">transeuropa 2009<\/span><\/i><span style=\\\"font-weight: 400;\\\"> zum ersten Mal aufgef\u00fchrt wurden. Und zwar nicht nur im Theater, sonder auch an anderen Orten in der Hildesheimer Innenstadt.<\/span><\/p><p><a class=\\\"laybutton1 laybutton\\\" rel=\\\"noopener\\\" href=\\\"https:\/\/transeuropa-festival.de\/2009\\\" target=\\\"_blank\\\" data-id=\\\"0\\\" data-hoverimageid=\\\"216\\\" data-hoverimagesmallsrc=\\\"\/wp-content\/uploads\/2024\/01\/Screenshot-2024-01-07-165640-265x125.png\\\" data-hoverimagetype=\\\"image\\\">Zur Website<\/a><\/p>\",\r\n      \"align\": \"bottom\",\r\n      \"row\": 15,\r\n      \"col\": 0,\r\n      \"colspan\": 3,\r\n      \"offsetx\": 0,\r\n      \"offsety\": 0,\r\n      \"spaceabove\": \"5\",\r\n      \"spacebelow\": 0,\r\n      \"yvel\": 1,\r\n      \"push\": 0,\r\n      \"relid\": 20,\r\n      \"absolute_position\": false,\r\n      \"frameOverflow\": \"\"\r\n    },\r\n    {\r\n      \"type\": \"hr\",\r\n      \"cont\": \"\",\r\n      \"align\": \"bottom\",\r\n      \"row\": 16,\r\n      \"col\": 0,\r\n      \"colspan\": 3,\r\n      \"offsetx\": 0,\r\n      \"offsety\": 0,\r\n      \"spaceabove\": \"5\",\r\n      \"spacebelow\": \"5\",\r\n      \"yvel\": 1,\r\n      \"push\": 0,\r\n      \"relid\": 39,\r\n      \"absolute_position\": false\r\n    },\r\n    {\r\n      \"type\": \"text\",\r\n      \"cont\": \"<h2 class=\\\"_H2\\\" style=\\\"text-align: left;\\\"><a href=\\\"#expandrow\\\" data-id=\\\"0\\\">2006<\/a><\/h2>\",\r\n      \"align\": \"bottom\",\r\n      \"row\": 17,\r\n      \"col\": 0,\r\n      \"colspan\": 3,\r\n      \"offsetx\": 0,\r\n      \"offsety\": 0,\r\n      \"spaceabove\": 0,\r\n      \"spacebelow\": 0,\r\n      \"yvel\": 1,\r\n      \"push\": 0,\r\n      \"relid\": 40,\r\n      \"absolute_position\": false\r\n    },\r\n    {\r\n      \"type\": \"text\",\r\n      \"cont\": \"<p class=\\\"_Default\\\"><strong><span style=\\\"font-family: ClashDisplay-Variable;\\\">2006<\/span> <\/strong>kamen K\u00fcnstler*innen aus Kroatien, Mazedonien, der Schweiz, Slowenien und Deutschland nach Hildesheim. Das transeuropa 2006 feierte das Zusammen sein. Es entstanden drei internationale k\u00fcnstlerische Aktionen extra f\u00fcr das Festival. Das Leitungsteam lud dazu alle ein, eine Gemeinschaft w\u00e4hrend dem Festival zu werden.<\/p><p><a class=\\\"laybutton1 laybutton\\\" rel=\\\"noopener\\\" href=\\\"https:\/\/transeuropa-festival.de\/2006\\\" target=\\\"_blank\\\" data-id=\\\"0\\\" data-hoverimageid=\\\"217\\\" data-hoverimagesmallsrc=\\\"\/wp-content\/uploads\/2024\/01\/Screenshot-2024-01-07-165657-265x124.png\\\" data-hoverimagetype=\\\"image\\\">Zur Website<\/a><\/p>\",\r\n      \"align\": \"bottom\",\r\n      \"row\": 18,\r\n      \"col\": 0,\r\n      \"colspan\": 3,\r\n      \"offsetx\": 0,\r\n      \"offsety\": 0,\r\n      \"spaceabove\": \"5\",\r\n      \"spacebelow\": 0,\r\n      \"yvel\": 1,\r\n      \"push\": 0,\r\n      \"relid\": 42,\r\n      \"absolute_position\": false,\r\n      \"frameOverflow\": \"\"\r\n    },\r\n    {\r\n      \"type\": \"hr\",\r\n      \"cont\": \"\",\r\n      \"align\": \"bottom\",\r\n      \"row\": 19,\r\n      \"col\": 0,\r\n      \"colspan\": 3,\r\n      \"offsetx\": 0,\r\n      \"offsety\": 0,\r\n      \"spaceabove\": \"5\",\r\n      \"spacebelow\": \"5\",\r\n      \"yvel\": 1,\r\n      \"push\": 0,\r\n      \"relid\": 46,\r\n      \"absolute_position\": false\r\n    },\r\n    {\r\n      \"type\": \"text\",\r\n      \"cont\": \"<h2 class=\\\"_H2\\\"><a href=\\\"#expandrow\\\" data-id=\\\"0\\\">2003<\/a><\/h2>\",\r\n      \"align\": \"bottom\",\r\n      \"row\": 20,\r\n      \"col\": 0,\r\n      \"colspan\": 3,\r\n      \"offsetx\": 0,\r\n      \"offsety\": 0,\r\n      \"spaceabove\": 0,\r\n      \"spacebelow\": 0,\r\n      \"yvel\": 1,\r\n      \"push\": 0,\r\n      \"relid\": 47,\r\n      \"absolute_position\": false,\r\n      \"classes\": \"text-img-wrap\"\r\n    },\r\n    {\r\n      \"type\": \"text\",\r\n      \"cont\": \"<p class=\\\"_Default\\\"><strong><span style=\\\"font-family: ClashDisplay-Variable;\\\">2003<\/span> <\/strong>hatte das Motto: \u201eDabei sein ist alles\u201c. Das Motto wurde auf den Sport bezogen. Das Leitungsteam verstand Theater als Training f\u00fcr die Wirklichkeit. K\u00fcnstler*innen aus Estland, Norwegen, der Schweiz und Deutschland zeigten ihre k\u00fcnstlerischen Aktionen in Hildesheim. K\u00fcnstler*innen, die noch studierten, wurden getrennt im Programm genannt.<\/p><p><a class=\\\"laybutton1 laybutton\\\" rel=\\\"noopener\\\" href=\\\"https:\/\/transeuropa-festival.de\/2003\\\" target=\\\"_blank\\\" data-id=\\\"0\\\" data-hoverimageid=\\\"218\\\" data-hoverimagesmallsrc=\\\"\/wp-content\/uploads\/2024\/01\/Screenshot-2024-01-07-165710-265x125.png\\\" data-hoverimagetype=\\\"image\\\">Zur Website<\/a><\/p>\",\r\n      \"align\": \"bottom\",\r\n      \"row\": 21,\r\n      \"col\": 0,\r\n      \"colspan\": 3,\r\n      \"offsetx\": 0,\r\n      \"offsety\": 0,\r\n      \"spaceabove\": \"05\",\r\n      \"spacebelow\": 0,\r\n      \"yvel\": 1,\r\n      \"push\": 0,\r\n      \"relid\": 48,\r\n      \"absolute_position\": false,\r\n      \"frameOverflow\": \"\"\r\n    },\r\n    {\r\n      \"type\": \"hr\",\r\n      \"cont\": \"\",\r\n      \"align\": \"bottom\",\r\n      \"row\": 22,\r\n      \"col\": 0,\r\n      \"colspan\": 3,\r\n      \"offsetx\": 0,\r\n      \"offsety\": 0,\r\n      \"spaceabove\": \"5\",\r\n      \"spacebelow\": \"5\",\r\n      \"yvel\": 1,\r\n      \"push\": 0,\r\n      \"relid\": 52,\r\n      \"absolute_position\": false\r\n    },\r\n    {\r\n      \"type\": \"text\",\r\n      \"cont\": \"<h2 class=\\\"_H2\\\" style=\\\"text-align: left;\\\"><a href=\\\"#expandrow\\\" data-id=\\\"0\\\">2000<\/a><img class=\\\"img-in-text\\\" src=\\\"&quot;https:\/\/transeuropa-festival.de\/2024\/wp-content\/uploads\/2024\/01\/te-logo-2000.gif\\\" alt=\\\"\\\" \/><\/h2>\",\r\n      \"align\": \"bottom\",\r\n      \"row\": 23,\r\n      \"col\": 0,\r\n      \"colspan\": 3,\r\n      \"offsetx\": 0,\r\n      \"offsety\": 0,\r\n      \"spaceabove\": 0,\r\n      \"spacebelow\": 0,\r\n      \"yvel\": 1,\r\n      \"push\": 0,\r\n      \"relid\": 53,\r\n      \"absolute_position\": false,\r\n      \"classes\": \"text-img-wrap\"\r\n    },\r\n    {\r\n      \"type\": \"text\",\r\n      \"cont\": \"<p class=\\\"_Default\\\"><span style=\\\"font-family: ClashDisplay-Variable;\\\"><strong>2000<\/strong> <\/span>wurden K\u00fcnstler*innen aus D\u00e4nemark, Gro\u00dfbritannien, Russland und Deutschland eingeladen. 3 Theatergruppen arbeiteten in Hildesheim f\u00fcr das Festival zusammen und entwickelten k\u00fcnstlerische Aktionen. Das transeuropa 2000 fand nicht nur in Hildesheim statt. Ein Teil des Programms war in Hannover auf der Weltausstellung Expo zu sehen.<\/p><p><a class=\\\"laybutton1 laybutton\\\" rel=\\\"noopener\\\" href=\\\"https:\/\/transeuropa-festival.de\/2000\\\" target=\\\"_blank\\\" data-id=\\\"0\\\" data-hoverimageid=\\\"219\\\" data-hoverimagesmallsrc=\\\"\/wp-content\/uploads\/2024\/01\/Screenshot-2024-01-07-165725-265x125.png\\\" data-hoverimagetype=\\\"image\\\">Zur Website<\/a><\/p>\",\r\n      \"align\": \"bottom\",\r\n      \"row\": 24,\r\n      \"col\": 0,\r\n      \"colspan\": 3,\r\n      \"offsetx\": 0,\r\n      \"offsety\": 0,\r\n      \"spaceabove\": \"5\",\r\n      \"spacebelow\": 0,\r\n      \"yvel\": 1,\r\n      \"push\": 0,\r\n      \"relid\": 54,\r\n      \"absolute_position\": false,\r\n      \"frameOverflow\": \"\"\r\n    },\r\n    {\r\n      \"type\": \"hr\",\r\n      \"cont\": \"\",\r\n      \"align\": \"bottom\",\r\n      \"row\": 25,\r\n      \"col\": 0,\r\n      \"colspan\": 3,\r\n      \"offsetx\": 0,\r\n      \"offsety\": 0,\r\n      \"spaceabove\": \"05\",\r\n      \"spacebelow\": \"5\",\r\n      \"yvel\": 1,\r\n      \"push\": 0,\r\n      \"relid\": 58,\r\n      \"absolute_position\": false\r\n    },\r\n    {\r\n      \"type\": \"text\",\r\n      \"cont\": \"<h2 class=\\\"_H2\\\">1997<\/h2>\",\r\n      \"align\": \"bottom\",\r\n      \"row\": 26,\r\n      \"col\": 0,\r\n      \"colspan\": 3,\r\n      \"offsetx\": 0,\r\n      \"offsety\": 0,\r\n      \"spaceabove\": 0,\r\n      \"spacebelow\": 0,\r\n      \"yvel\": 1,\r\n      \"push\": 0,\r\n      \"relid\": 59,\r\n      \"absolute_position\": false\r\n    },\r\n    {\r\n      \"type\": \"text\",\r\n      \"cont\": \"<p class=\\\"_Default\\\"><span style=\\\"font-weight: 400;\\\"><strong><span style=\\\"font-family: ClashDisplay-Variable;\\\">1997<\/span> <\/strong>lud das <\/span><span style=\\\"font-weight: 400;\\\">transeuropa festival <\/span><span style=\\\"font-weight: 400;\\\">K\u00fcnstler*innen aus Gro\u00dfbritannien, den Niederlanden, Tschechien und Deutschland nach Hildesheim ein. Das Leitungsteam wollte ins Gespr\u00e4ch \u00fcber europ\u00e4isches Theater kommen. Es hat sich gefragt: Wie nimmt Herkunft und Erfahrung Einfluss auf meine k\u00fcnstlerische Arbeit?<\/span><\/p><p><a class=\\\"laybutton1 laybutton\\\" rel=\\\"noopener\\\" href=\\\"https:\/\/transeuropa-festival.de\/1997\\\" target=\\\"_blank\\\" data-id=\\\"0\\\" data-hoverimageid=\\\"220\\\" data-hoverimagesmallsrc=\\\"\/wp-content\/uploads\/2024\/01\/Screenshot-2024-01-07-165749-265x126.png\\\" data-hoverimagetype=\\\"image\\\">Zur Website<\/a><\/p>\",\r\n      \"align\": \"bottom\",\r\n      \"row\": 27,\r\n      \"col\": 0,\r\n      \"colspan\": 3,\r\n      \"offsetx\": 0,\r\n      \"offsety\": 0,\r\n      \"spaceabove\": \"5\",\r\n      \"spacebelow\": 0,\r\n      \"yvel\": 1,\r\n      \"push\": 0,\r\n      \"relid\": 60,\r\n      \"absolute_position\": false,\r\n      \"frameOverflow\": \"\"\r\n    },\r\n    {\r\n      \"type\": \"hr\",\r\n      \"cont\": \"\",\r\n      \"align\": \"bottom\",\r\n      \"row\": 28,\r\n      \"col\": 0,\r\n      \"colspan\": 3,\r\n      \"offsetx\": 0,\r\n      \"offsety\": 0,\r\n      \"spaceabove\": \"5\",\r\n      \"spacebelow\": \"05\",\r\n      \"yvel\": 1,\r\n      \"push\": 0,\r\n      \"relid\": 64,\r\n      \"absolute_position\": false\r\n    },\r\n    {\r\n      \"type\": \"text\",\r\n      \"cont\": \"<h2 class=\\\"_H2\\\" style=\\\"text-align: left;\\\"><a href=\\\"#expandrow\\\" data-expand=\\\"61,93\\\" data-animation=\\\"400\\\" data-animationtiming=\\\"cubic-bezier(0.17,0.84,0.44,1)\\\" data-collapseotherrows=\\\"false\\\" data-scrolltoexpandedrow=\\\"false\\\">1994<\/a><\/h2>\",\r\n      \"align\": \"bottom\",\r\n      \"row\": 29,\r\n      \"col\": 0,\r\n      \"colspan\": 3,\r\n      \"offsetx\": 0,\r\n      \"offsety\": 0,\r\n      \"spaceabove\": 0,\r\n      \"spacebelow\": 0,\r\n      \"yvel\": 1,\r\n      \"push\": 0,\r\n      \"relid\": 65,\r\n      \"absolute_position\": false\r\n    },\r\n    {\r\n      \"type\": \"text\",\r\n      \"cont\": \"<p class=\\\"_Default\\\"><strong><span style=\\\"font-family: ClashDisplay-Variable;\\\">1994<\/span><\/strong> fand das transeuropa festival zum ersten Mal statt. Es gab 10 Theaterauff\u00fchrungen aus Polen, Belgien, Deutschland und den Niederlanden in 6 Tagen. Es m\u00f6chte einen Austausch zwischen europ\u00e4ischen K\u00fcnstler*innen anregen.<\/p>\",\r\n      \"align\": \"bottom\",\r\n      \"row\": 30,\r\n      \"col\": 0,\r\n      \"colspan\": 3,\r\n      \"offsetx\": 0,\r\n      \"offsety\": 0,\r\n      \"spaceabove\": \"5\",\r\n      \"spacebelow\": 0,\r\n      \"yvel\": 1,\r\n      \"push\": 0,\r\n      \"relid\": 66,\r\n      \"absolute_position\": false\r\n    }\r\n  ]\r\n}","_links":{"self":[{"href":"https:\/\/transeuropa-festival.de\/2024\/wp-json\/wp\/v2\/pages\/221","targetHints":{"allow":["GET"]}}],"collection":[{"href":"https:\/\/transeuropa-festival.de\/2024\/wp-json\/wp\/v2\/pages"}],"about":[{"href":"https:\/\/transeuropa-festival.de\/2024\/wp-json\/wp\/v2\/types\/page"}],"author":[{"embeddable":true,"href":"https:\/\/transeuropa-festival.de\/2024\/wp-json\/wp\/v2\/users\/1"}],"replies":[{"embeddable":true,"href":"https:\/\/transeuropa-festival.de\/2024\/wp-json\/wp\/v2\/comments?post=221"}],"version-history":[{"count":0,"href":"https:\/\/transeuropa-festival.de\/2024\/wp-json\/wp\/v2\/pages\/221\/revisions"}],"wp:attachment":[{"href":"https:\/\/transeuropa-festival.de\/2024\/wp-json\/wp\/v2\/media?parent=221"}],"curies":[{"name":"wp","href":"https:\/\/api.w.org\/{rel}","templated":true}]}}